{"id":706,"date":"2015-05-12T19:21:19","date_gmt":"2015-05-12T17:21:19","guid":{"rendered":"http:\/\/iumotril.org\/sitio\/?page_id=706"},"modified":"2015-05-16T11:41:09","modified_gmt":"2015-05-16T09:41:09","slug":"materiales-de-campana","status":"publish","type":"page","link":"https:\/\/iumotril.org\/sitio\/municipales-2015\/materiales-de-campana\/","title":{"rendered":"Materiales de Campa\u00f1a"},"content":{"rendered":"<table style=\"height: 246px;\" width=\"568\">\n<tbody>\n<tr>\n<td>Daniel Candidata a la Alcald\u00eda<\/td>\n<td>\u00a0<a title=\"Cartel Daniela\" href=\"https:\/\/iumotril.org\/sitio\/wp-content\/uploads\/2015\/05\/Cartel-daniela-.001.pdf\" target=\"_blank\"><img loading=\"lazy\" decoding=\"async\" data-attachment-id=\"661\" data-permalink=\"https:\/\/iumotril.org\/sitio\/una-campana-a-pie-de-calle-es-tiempo-de-motril\/paginas-100xcien-001\/\" data-orig-file=\"https:\/\/iumotril.org\/sitio\/wp-content\/uploads\/2015\/05\/Paginas-100xCien-.001.jpg\" data-orig-size=\"768,1024\" data-comments-opened=\"1\" data-image-meta=\"{&quot;aperture&quot;:&quot;0&quot;,&quot;credit&quot;:&quot;&quot;,&quot;camera&quot;:&quot;&quot;,&quot;caption&quot;:&quot;&quot;,&quot;created_timestamp&quot;:&quot;0&quot;,&quot;copyright&quot;:&quot;&quot;,&quot;focal_length&quot;:&quot;0&quot;,&quot;iso&quot;:&quot;0&quot;,&quot;shutter_speed&quot;:&quot;0&quot;,&quot;title&quot;:&quot;&quot;,&quot;orientation&quot;:&quot;0&quot;}\" data-image-title=\"Paginas 100xCien .001\" data-image-description=\"\" data-image-caption=\"\" data-large-file=\"https:\/\/iumotril.org\/sitio\/wp-content\/uploads\/2015\/05\/Paginas-100xCien-.001-768x1024.jpg\" class=\"aligncenter  wp-image-661\" src=\"https:\/\/iumotril.org\/sitio\/wp-content\/uploads\/2015\/05\/Paginas-100xCien-.001-150x150.jpg\" alt=\"Daniela Paqu\u00e9 candidata a la Alcald\u00eda de Motril\" width=\"107\" height=\"107\" srcset=\"https:\/\/iumotril.org\/sitio\/wp-content\/uploads\/2015\/05\/Paginas-100xCien-.001-150x150.jpg 150w, https:\/\/iumotril.org\/sitio\/wp-content\/uploads\/2015\/05\/Paginas-100xCien-.001-36x36.jpg 36w, https:\/\/iumotril.org\/sitio\/wp-content\/uploads\/2015\/05\/Paginas-100xCien-.001-115x115.jpg 115w\" sizes=\"auto, (max-width: 107px) 100vw, 107px\" \/><\/a><\/td>\n<\/tr>\n<tr>\n<td>\u00a0Candidatos<\/td>\n<td>\u00a0<a title=\"Cartel Candidatos\" href=\"https:\/\/iumotril.org\/sitio\/wp-content\/uploads\/2015\/05\/Cartel-candidatos.pdf\" target=\"_blank\"><img loading=\"lazy\" decoding=\"async\" data-attachment-id=\"663\" data-permalink=\"https:\/\/iumotril.org\/sitio\/municipales-2015\/materiales-de-campana\/folleto-candidatura-002\/\" data-orig-file=\"https:\/\/iumotril.org\/sitio\/wp-content\/uploads\/2015\/05\/Folleto-candidatura.002.jpg\" data-orig-size=\"768,1024\" data-comments-opened=\"1\" data-image-meta=\"{&quot;aperture&quot;:&quot;0&quot;,&quot;credit&quot;:&quot;&quot;,&quot;camera&quot;:&quot;&quot;,&quot;caption&quot;:&quot;&quot;,&quot;created_timestamp&quot;:&quot;0&quot;,&quot;copyright&quot;:&quot;&quot;,&quot;focal_length&quot;:&quot;0&quot;,&quot;iso&quot;:&quot;0&quot;,&quot;shutter_speed&quot;:&quot;0&quot;,&quot;title&quot;:&quot;&quot;,&quot;orientation&quot;:&quot;0&quot;}\" data-image-title=\"Folleto candidatura.002\" data-image-description=\"\" data-image-caption=\"\" data-large-file=\"https:\/\/iumotril.org\/sitio\/wp-content\/uploads\/2015\/05\/Folleto-candidatura.002-768x1024.jpg\" class=\"aligncenter  wp-image-663\" src=\"https:\/\/iumotril.org\/sitio\/wp-content\/uploads\/2015\/05\/Folleto-candidatura.002-150x150.jpg\" alt=\"Folleto candidatura.002\" width=\"111\" height=\"111\" srcset=\"https:\/\/iumotril.org\/sitio\/wp-content\/uploads\/2015\/05\/Folleto-candidatura.002-150x150.jpg 150w, https:\/\/iumotril.org\/sitio\/wp-content\/uploads\/2015\/05\/Folleto-candidatura.002-36x36.jpg 36w, https:\/\/iumotril.org\/sitio\/wp-content\/uploads\/2015\/05\/Folleto-candidatura.002-115x115.jpg 115w\" sizes=\"auto, (max-width: 111px) 100vw, 111px\" \/><\/a><\/td>\n<\/tr>\n<tr>\n<td>\u00a0Candidatura. Grupo<\/td>\n<td>\u00a0<a title=\"Candidatura. Grupo\" href=\"https:\/\/iumotril.org\/sitio\/wp-content\/uploads\/2015\/05\/Cartel-grupo-candidatos.pdf\" target=\"_blank\"><img loading=\"lazy\" decoding=\"async\" data-attachment-id=\"662\" data-permalink=\"https:\/\/iumotril.org\/sitio\/municipales-2015\/materiales-de-campana\/paginas-100xcien-002\/\" data-orig-file=\"https:\/\/iumotril.org\/sitio\/wp-content\/uploads\/2015\/05\/Paginas-100xCien-.002.jpg\" data-orig-size=\"768,1024\" data-comments-opened=\"1\" data-image-meta=\"{&quot;aperture&quot;:&quot;0&quot;,&quot;credit&quot;:&quot;&quot;,&quot;camera&quot;:&quot;&quot;,&quot;caption&quot;:&quot;&quot;,&quot;created_timestamp&quot;:&quot;0&quot;,&quot;copyright&quot;:&quot;&quot;,&quot;focal_length&quot;:&quot;0&quot;,&quot;iso&quot;:&quot;0&quot;,&quot;shutter_speed&quot;:&quot;0&quot;,&quot;title&quot;:&quot;&quot;,&quot;orientation&quot;:&quot;0&quot;}\" data-image-title=\"Paginas 100xCien .002\" data-image-description=\"\" data-image-caption=\"\" data-large-file=\"https:\/\/iumotril.org\/sitio\/wp-content\/uploads\/2015\/05\/Paginas-100xCien-.002-768x1024.jpg\" class=\"aligncenter  wp-image-662\" src=\"https:\/\/iumotril.org\/sitio\/wp-content\/uploads\/2015\/05\/Paginas-100xCien-.002-150x150.jpg\" alt=\"Paginas 100xCien .002\" width=\"113\" height=\"113\" srcset=\"https:\/\/iumotril.org\/sitio\/wp-content\/uploads\/2015\/05\/Paginas-100xCien-.002-150x150.jpg 150w, https:\/\/iumotril.org\/sitio\/wp-content\/uploads\/2015\/05\/Paginas-100xCien-.002-36x36.jpg 36w, https:\/\/iumotril.org\/sitio\/wp-content\/uploads\/2015\/05\/Paginas-100xCien-.002-115x115.jpg 115w\" sizes=\"auto, (max-width: 113px) 100vw, 113px\" \/><\/a><\/td>\n<\/tr>\n<tr>\n<td><\/td>\n<td><\/td>\n<\/tr>\n<\/tbody>\n<\/table>\n<h3 style=\"text-align: center;\"><strong>V\u00eddeo 1: Becas de Empleo y Bolsas de Trabajo<\/strong><br \/>\nhttps:\/\/youtu.be\/Cj_ifBZlDbY<\/h3>\n<h3 style=\"text-align: center;\"><strong>V\u00eddeo 2: Tecnolog\u00eda al Servicio del Medio Ambiente<\/strong><\/h3>\n<div class=\"jetpack-video-wrapper\"><span class=\"embed-youtube\" style=\"text-align:center; display: block;\"><iframe loading=\"lazy\" class=\"youtube-player\" width=\"640\" height=\"360\" src=\"https:\/\/www.youtube.com\/embed\/dZZ7bXBJOfM?version=3&#038;rel=1&#038;showsearch=0&#038;showinfo=1&#038;iv_load_policy=1&#038;fs=1&#038;hl=es-ES&#038;autohide=2&#038;wmode=transparent\" allowfullscreen=\"true\" style=\"border:0;\" sandbox=\"allow-scripts allow-same-origin allow-popups allow-presentation allow-popups-to-escape-sandbox\"><\/iframe><\/span><\/div>\n<h3 style=\"text-align: center;\"><strong>\u00a0V\u00eddeo 3. Barrios y Ciudad<\/strong><\/h3>\n<div class=\"jetpack-video-wrapper\"><span class=\"embed-youtube\" style=\"text-align:center; display: block;\"><iframe loading=\"lazy\" class=\"youtube-player\" width=\"640\" height=\"360\" src=\"https:\/\/www.youtube.com\/embed\/Ex9YVr8l35k?version=3&#038;rel=1&#038;showsearch=0&#038;showinfo=1&#038;iv_load_policy=1&#038;fs=1&#038;hl=es-ES&#038;autohide=2&#038;wmode=transparent\" allowfullscreen=\"true\" style=\"border:0;\" sandbox=\"allow-scripts allow-same-origin allow-popups allow-presentation allow-popups-to-escape-sandbox\"><\/iframe><\/span><\/div>\n<h3 style=\"text-align: center;\"><strong> V\u00eddeo 4. Agricultura<\/strong><\/h3>\n<div class=\"jetpack-video-wrapper\"><span class=\"embed-youtube\" style=\"text-align:center; display: block;\"><iframe loading=\"lazy\" class=\"youtube-player\" width=\"640\" height=\"360\" src=\"https:\/\/www.youtube.com\/embed\/qPi5wuYu6nI?version=3&#038;rel=1&#038;showsearch=0&#038;showinfo=1&#038;iv_load_policy=1&#038;fs=1&#038;hl=es-ES&#038;autohide=2&#038;wmode=transparent\" allowfullscreen=\"true\" style=\"border:0;\" sandbox=\"allow-scripts allow-same-origin allow-popups allow-presentation allow-popups-to-escape-sandbox\"><\/iframe><\/span><\/div>\n<h3 style=\"text-align: center;\"><strong> V\u00eddeo 5. Gesti\u00f3n Municipal<\/strong><\/h3>\n<div class=\"jetpack-video-wrapper\"><span class=\"embed-youtube\" style=\"text-align:center; display: block;\"><iframe loading=\"lazy\" class=\"youtube-player\" width=\"640\" height=\"360\" src=\"https:\/\/www.youtube.com\/embed\/jqif5sAulmE?version=3&#038;rel=1&#038;showsearch=0&#038;showinfo=1&#038;iv_load_policy=1&#038;fs=1&#038;hl=es-ES&#038;autohide=2&#038;wmode=transparent\" allowfullscreen=\"true\" style=\"border:0;\" sandbox=\"allow-scripts allow-same-origin allow-popups allow-presentation allow-popups-to-escape-sandbox\"><\/iframe><\/span><\/div>\n<h3 style=\"text-align: center;\"><strong> V\u00eddeo 6. Cultura<\/strong><\/h3>\n<div class=\"jetpack-video-wrapper\"><span class=\"embed-youtube\" style=\"text-align:center; display: block;\"><iframe loading=\"lazy\" class=\"youtube-player\" width=\"640\" height=\"360\" src=\"https:\/\/www.youtube.com\/embed\/fkg5C-ovRwo?version=3&#038;rel=1&#038;showsearch=0&#038;showinfo=1&#038;iv_load_policy=1&#038;fs=1&#038;hl=es-ES&#038;autohide=2&#038;wmode=transparent\" allowfullscreen=\"true\" style=\"border:0;\" sandbox=\"allow-scripts allow-same-origin allow-popups allow-presentation allow-popups-to-escape-sandbox\"><\/iframe><\/span><\/div>\n<h3 style=\"text-align: center;\"><strong> V\u00eddeo 7. Servicios P\u00fablicos<\/strong><\/h3>\n<div class=\"jetpack-video-wrapper\"><span class=\"embed-youtube\" style=\"text-align:center; display: block;\"><iframe loading=\"lazy\" class=\"youtube-player\" width=\"640\" height=\"360\" src=\"https:\/\/www.youtube.com\/embed\/SCffwKYdBCU?version=3&#038;rel=1&#038;showsearch=0&#038;showinfo=1&#038;iv_load_policy=1&#038;fs=1&#038;hl=es-ES&#038;autohide=2&#038;wmode=transparent\" allowfullscreen=\"true\" style=\"border:0;\" sandbox=\"allow-scripts allow-same-origin allow-popups allow-presentation allow-popups-to-escape-sandbox\"><\/iframe><\/span><\/div>\n<h3 style=\"text-align: center;\"><strong> V\u00eddeo 8. Comercios<\/strong><\/h3>\n<div class=\"jetpack-video-wrapper\"><span class=\"embed-youtube\" style=\"text-align:center; display: block;\"><iframe loading=\"lazy\" class=\"youtube-player\" width=\"640\" height=\"360\" src=\"https:\/\/www.youtube.com\/embed\/GhSuAufqf1c?version=3&#038;rel=1&#038;showsearch=0&#038;showinfo=1&#038;iv_load_policy=1&#038;fs=1&#038;hl=es-ES&#038;autohide=2&#038;wmode=transparent\" allowfullscreen=\"true\" style=\"border:0;\" sandbox=\"allow-scripts allow-same-origin allow-popups allow-presentation allow-popups-to-escape-sandbox\"><\/iframe><\/span><\/div>\n","protected":false},"excerpt":{"rendered":"<p>Daniel Candidata a la Alcald\u00eda \u00a0 \u00a0Candidatos \u00a0 \u00a0Candidatura. Grupo [&hellip;]<\/p>\n","protected":false},"author":1,"featured_media":0,"parent":533,"menu_order":4,"comment_status":"open","ping_status":"open","template":"","meta":{"cybocfi_hide_featured_image":"","footnotes":""},"class_list":["post-706","page","type-page","status-publish","hentry"],"jetpack_sharing_enabled":true,"jetpack_shortlink":"https:\/\/wp.me\/P4QsU5-bo","jetpack-related-posts":[{"id":533,"url":"https:\/\/iumotril.org\/sitio\/municipales-2015\/","url_meta":{"origin":706,"position":0},"title":"Municipales 2015","author":"Izquierda Unida Motril","date":"21 abril, 2015","format":false,"excerpt":"El d\u00eda 24 de Mayo la ciudadan\u00eda tendremos la oportunidad de ejercer el derecho a elegir a quienes nos representaran a la hora de gobernar Motril los pr\u00f3ximos cuatro a\u00f1os. A trav\u00e9s de estas p\u00e1ginas puedes conocer cu\u00e1les son nuestras propuestas de cambio y transformaci\u00f3n para Motril. Nuestras propuestas,\u00a0elaboradas con\u2026","rel":"","context":"Entrada similar","block_context":{"text":"Entrada similar","link":""},"img":{"alt_text":"","src":"https:\/\/i0.wp.com\/iumotril.org\/sitio\/wp-content\/uploads\/2022\/11\/siluetasconlema-300x118.jpg?resize=350%2C200&ssl=1","width":350,"height":200},"classes":[]},{"id":9113,"url":"https:\/\/iumotril.org\/sitio\/candidatas-para-la-gente\/","url_meta":{"origin":706,"position":1},"title":"Candidatas para la gente","author":"Izquierda Unida Motril","date":"29 abril, 2023","format":false,"excerpt":"La\u00a0 candidatura de IU-Verdes Equo est\u00e1 integrada por hombres y mujeres j\u00f3venes en la mayor\u00eda de sus puestos, profesionales, estudiantes, empleados p\u00fablicos, trabajadoras de la ense\u00f1anza y trabajadores de empresas privadas de distintos sectores de actividad, conocedoras\u00a0 de los problemas y necesidades de sus barrios y de la ciudad, que\u2026","rel":"","context":"Entrada similar","block_context":{"text":"Entrada similar","link":""},"img":{"alt_text":"","src":"https:\/\/i0.wp.com\/iumotril.org\/sitio\/wp-content\/uploads\/2023\/04\/78fd7dd3-c177-4ae2-98dd-e4ef957b3d86.jpg?resize=350%2C200&ssl=1","width":350,"height":200,"srcset":"https:\/\/i0.wp.com\/iumotril.org\/sitio\/wp-content\/uploads\/2023\/04\/78fd7dd3-c177-4ae2-98dd-e4ef957b3d86.jpg?resize=350%2C200&ssl=1 1x, https:\/\/i0.wp.com\/iumotril.org\/sitio\/wp-content\/uploads\/2023\/04\/78fd7dd3-c177-4ae2-98dd-e4ef957b3d86.jpg?resize=525%2C300&ssl=1 1.5x, https:\/\/i0.wp.com\/iumotril.org\/sitio\/wp-content\/uploads\/2023\/04\/78fd7dd3-c177-4ae2-98dd-e4ef957b3d86.jpg?resize=700%2C400&ssl=1 2x"},"classes":[]},{"id":4957,"url":"https:\/\/iumotril.org\/sitio\/una-candidatura-para-la-gente\/","url_meta":{"origin":706,"position":2},"title":"Una candidatura para la Gente","author":"Izquierda Unida Motril","date":"11 mayo, 2019","format":false,"excerpt":"La candidatura de IU-Equo para la gente est\u00e1 integrada por mujeres y hombres j\u00f3venes. Es representativa de la sociedad motrile\u00f1a: estudiantes, trabajadoras del sector hortofrut\u00edcola, deportistas, empleados p\u00fablicos, aut\u00f3nomos, trabajadores sociales, pensionistas, jubilados. Gente corriente y cercana que vive la realidad de la calles. Gente comprometida con sus vecinas y\u2026","rel":"","context":"Entrada similar","block_context":{"text":"Entrada similar","link":""},"img":{"alt_text":"","src":"https:\/\/i0.wp.com\/iumotril.org\/sitio\/wp-content\/uploads\/2019\/05\/cartel-definitivo-de-verdad-215x300.jpg?resize=350%2C200","width":350,"height":200},"classes":[]},{"id":542,"url":"https:\/\/iumotril.org\/sitio\/municipales-2015\/candidatos\/","url_meta":{"origin":706,"position":3},"title":"Candidatos","author":"Izquierda Unida Motril","date":"21 abril, 2015","format":false,"excerpt":"Izquierda Unida Los Verdes Convocatoria por Andaluc\u00eda es una fuerza pol\u00edtica radicalmente distinta al resto. Quienes formamos parte de ella no somos pol\u00edticos profesionales ni tenemos ambiciones personales de poder. Somos gente corriente, cercana y comprometida con equilibrar una sociedad cada vez m\u00e1s desigual, con corregir la actuaci\u00f3n de un\u2026","rel":"","context":"Entrada similar","block_context":{"text":"Entrada similar","link":""},"img":{"alt_text":"daniela","src":"https:\/\/i0.wp.com\/iumotril.org\/sitio\/wp-content\/uploads\/2015\/04\/daniela-150x150.jpg?resize=350%2C200","width":350,"height":200},"classes":[]},{"id":4166,"url":"https:\/\/iumotril.org\/sitio\/candidatura-granada\/","url_meta":{"origin":706,"position":4},"title":"Candidatura Granada","author":"Izquierda Unida Motril","date":"7 noviembre, 2018","format":false,"excerpt":"01 Maria del Carmen Liz\u00e1rraga Mollinedo 02 Jes\u00fas \u201cChus\u201d Fern\u00e1ndez Mart\u00edn 03 Ana Villaverde Valenciano 04 \u00c1ngel de la Cruz Campos 05 Rosario \u00c1vila Romera 06 Manuel D\u00edaz Maldonado 07 Mar\u00eda Piedad Castillo Mart\u00ednez 08 Mario Ortega Rodr\u00edguez 09 Mari Carmen Cantero Gonz\u00e1lez 10 Alejandro Villanueva Serrano 11 M\u00aa Carmen\u2026","rel":"","context":"Entrada similar","block_context":{"text":"Entrada similar","link":""},"img":{"alt_text":"","src":"","width":0,"height":0},"classes":[]},{"id":9116,"url":"https:\/\/iumotril.org\/sitio\/campana\/","url_meta":{"origin":706,"position":5},"title":"Campa\u00f1a electoral","author":"Izquierda Unida Motril","date":"29 abril, 2023","format":false,"excerpt":"V\u00cdDEO DE CAMPA\u00d1A. CUIDAMOS MOTRIL PARA UNA VIDA MEJOR https:\/\/youtu.be\/dwOO8zkMZo8 SPOT DE CAMPA\u00d1A. 30 seg. https:\/\/youtu.be\/EOk4irMnQPc CU\u00d1A DE RADIO 30 Seg. \u00a0 \u00a0 Entrevista en Telemotril a Inma Omiste (lunes, 22 de mayo) https:\/\/youtu.be\/TRc4hxSX0Xo \u00a0 \u00a0 \u00a0 \u00a0 \u00a0 \u00a0 \u00a0 \u00a0 \u00a0 \u00a0 \u00a0 D\u00edptico en pdf. \u00a0 \u00a0","rel":"","context":"Entrada similar","block_context":{"text":"Entrada similar","link":""},"img":{"alt_text":"","src":"https:\/\/i0.wp.com\/iumotril.org\/sitio\/wp-content\/uploads\/2023\/05\/266c5d06-15dc-495d-8f3e-18c78949e39e-2.jpg?resize=350%2C200&ssl=1","width":350,"height":200,"srcset":"https:\/\/i0.wp.com\/iumotril.org\/sitio\/wp-content\/uploads\/2023\/05\/266c5d06-15dc-495d-8f3e-18c78949e39e-2.jpg?resize=350%2C200&ssl=1 1x, https:\/\/i0.wp.com\/iumotril.org\/sitio\/wp-content\/uploads\/2023\/05\/266c5d06-15dc-495d-8f3e-18c78949e39e-2.jpg?resize=525%2C300&ssl=1 1.5x, https:\/\/i0.wp.com\/iumotril.org\/sitio\/wp-content\/uploads\/2023\/05\/266c5d06-15dc-495d-8f3e-18c78949e39e-2.jpg?resize=700%2C400&ssl=1 2x"},"classes":[]}],"jetpack_likes_enabled":true,"_links":{"self":[{"href":"https:\/\/iumotril.org\/sitio\/wp-json\/wp\/v2\/pages\/706","targetHints":{"allow":["GET"]}}],"collection":[{"href":"https:\/\/iumotril.org\/sitio\/wp-json\/wp\/v2\/pages"}],"about":[{"href":"https:\/\/iumotril.org\/sitio\/wp-json\/wp\/v2\/types\/page"}],"author":[{"embeddable":true,"href":"https:\/\/iumotril.org\/sitio\/wp-json\/wp\/v2\/users\/1"}],"replies":[{"embeddable":true,"href":"https:\/\/iumotril.org\/sitio\/wp-json\/wp\/v2\/comments?post=706"}],"version-history":[{"count":19,"href":"https:\/\/iumotril.org\/sitio\/wp-json\/wp\/v2\/pages\/706\/revisions"}],"predecessor-version":[{"id":762,"href":"https:\/\/iumotril.org\/sitio\/wp-json\/wp\/v2\/pages\/706\/revisions\/762"}],"up":[{"embeddable":true,"href":"https:\/\/iumotril.org\/sitio\/wp-json\/wp\/v2\/pages\/533"}],"wp:attachment":[{"href":"https:\/\/iumotril.org\/sitio\/wp-json\/wp\/v2\/media?parent=706"}],"curies":[{"name":"wp","href":"https:\/\/api.w.org\/{rel}","templated":true}]}}