{"id":542,"date":"2015-04-21T20:17:01","date_gmt":"2015-04-21T18:17:01","guid":{"rendered":"http:\/\/iumotril.org\/sitio\/?page_id=542"},"modified":"2015-05-07T19:44:27","modified_gmt":"2015-05-07T17:44:27","slug":"candidatos","status":"publish","type":"page","link":"https:\/\/iumotril.org\/sitio\/municipales-2015\/candidatos\/","title":{"rendered":"Candidatos"},"content":{"rendered":"<p><strong><span style=\"color: #993300;\">Izquierda Unida Los Verdes Convocatoria por Andaluc\u00eda<\/span><\/strong> es una fuerza pol\u00edtica radicalmente distinta al resto. Quienes formamos parte de ella no somos pol\u00edticos profesionales ni tenemos ambiciones personales de poder. Somos <strong><span style=\"color: #993300;\">gente corriente, cercana y comprometida con equilibrar una sociedad cada vez m\u00e1s desigual<\/span><\/strong>, con corregir la actuaci\u00f3n de un sistema econ\u00f3mico que s\u00f3lo busca el enriquecimiento r\u00e1pido para unos pocos y que no duda para este fin en destruir nuestro territorio, contaminar nuestro medio natural e impedir el acceso a derechos b\u00e1sicos como la vivienda o el empleo a la mayor parte de\u00a0los ciudadanos\/as.<\/p>\n<p>Nuestra candidatura est\u00e1 integrada por <strong><span style=\"color: #993300;\">13 mujeres y 12 comprometidos\/as con un proyecto de transformaci\u00f3n social desde la izquierda.<\/span><\/strong><\/p>\n<p><strong><span style=\"color: #993300;\">Trabaja con nosotros\/para hacer de Motril una ciudad mejor, una ciudad para las personas, una ciudad para todos y para todas<\/span><\/strong>.<\/p>\n<table style=\"height: 2291px;\" width=\"595\">\n<tbody>\n<tr>\n<td style=\"text-align: center;\"><strong><span style=\"color: #993300;\">1.<\/span> <span style=\"color: #993300;\">DANIELA PAQU\u00c9 PE\u00d1A<\/span><\/strong><br \/>\n<em>Maestra<\/em><br \/>\n<em> T\u00e9cnico Superior en Salud Ambiental<\/em><\/td>\n<td style=\"text-align: center;\"><a href=\"https:\/\/iumotril.org\/sitio\/wp-content\/uploads\/2015\/04\/daniela.jpg\"><img loading=\"lazy\" decoding=\"async\" data-attachment-id=\"543\" data-permalink=\"https:\/\/iumotril.org\/sitio\/municipales-2015\/candidatos\/daniela-2\/\" data-orig-file=\"https:\/\/iumotril.org\/sitio\/wp-content\/uploads\/2015\/04\/daniela.jpg\" data-orig-size=\"852,1280\" data-comments-opened=\"1\" data-image-meta=\"{&quot;aperture&quot;:&quot;0&quot;,&quot;credit&quot;:&quot;&quot;,&quot;camera&quot;:&quot;&quot;,&quot;caption&quot;:&quot;&quot;,&quot;created_timestamp&quot;:&quot;0&quot;,&quot;copyright&quot;:&quot;&quot;,&quot;focal_length&quot;:&quot;0&quot;,&quot;iso&quot;:&quot;0&quot;,&quot;shutter_speed&quot;:&quot;0&quot;,&quot;title&quot;:&quot;&quot;,&quot;orientation&quot;:&quot;1&quot;}\" data-image-title=\"daniela\" data-image-description=\"\" data-image-caption=\"\" data-large-file=\"https:\/\/iumotril.org\/sitio\/wp-content\/uploads\/2015\/04\/daniela-682x1024.jpg\" class=\" wp-image-543 size-thumbnail alignnone\" src=\"https:\/\/iumotril.org\/sitio\/wp-content\/uploads\/2015\/04\/daniela-150x150.jpg\" alt=\"daniela\" width=\"150\" height=\"150\" srcset=\"https:\/\/iumotril.org\/sitio\/wp-content\/uploads\/2015\/04\/daniela-150x150.jpg 150w, https:\/\/iumotril.org\/sitio\/wp-content\/uploads\/2015\/04\/daniela-36x36.jpg 36w, https:\/\/iumotril.org\/sitio\/wp-content\/uploads\/2015\/04\/daniela-115x115.jpg 115w\" sizes=\"auto, (max-width: 150px) 100vw, 150px\" \/><\/a><\/td>\n<\/tr>\n<tr>\n<td style=\"text-align: center;\"><span style=\"color: #993300;\"><strong>\u00a02. CHRISTIAN DAVID LINARES MINGORANCE<\/strong><\/span><br \/>\n<em>Trabajador Social<\/em><br \/>\n<em> Presidente Asociaci\u00f3n Juvenil Altair y Asociaci\u00f3n Cultural Th\u00e9\u00e2tre des Vampires<\/em><\/td>\n<td>\u00a0<a href=\"https:\/\/iumotril.org\/sitio\/wp-content\/uploads\/2015\/04\/christian02.png\"><img loading=\"lazy\" decoding=\"async\" data-attachment-id=\"622\" data-permalink=\"https:\/\/iumotril.org\/sitio\/municipales-2015\/candidatos\/christian02\/\" data-orig-file=\"https:\/\/iumotril.org\/sitio\/wp-content\/uploads\/2015\/04\/christian02.png\" data-orig-size=\"250,247\" data-comments-opened=\"1\" data-image-meta=\"{&quot;aperture&quot;:&quot;0&quot;,&quot;credit&quot;:&quot;&quot;,&quot;camera&quot;:&quot;&quot;,&quot;caption&quot;:&quot;&quot;,&quot;created_timestamp&quot;:&quot;0&quot;,&quot;copyright&quot;:&quot;&quot;,&quot;focal_length&quot;:&quot;0&quot;,&quot;iso&quot;:&quot;0&quot;,&quot;shutter_speed&quot;:&quot;0&quot;,&quot;title&quot;:&quot;&quot;,&quot;orientation&quot;:&quot;0&quot;}\" data-image-title=\"christian02\" data-image-description=\"\" data-image-caption=\"\" data-large-file=\"https:\/\/iumotril.org\/sitio\/wp-content\/uploads\/2015\/04\/christian02.png\" class=\"alignleft wp-image-622 size-thumbnail\" src=\"https:\/\/iumotril.org\/sitio\/wp-content\/uploads\/2015\/04\/christian02-150x150.png\" alt=\"christian02\" width=\"150\" height=\"150\" srcset=\"https:\/\/iumotril.org\/sitio\/wp-content\/uploads\/2015\/04\/christian02-150x150.png 150w, https:\/\/iumotril.org\/sitio\/wp-content\/uploads\/2015\/04\/christian02-36x36.png 36w, https:\/\/iumotril.org\/sitio\/wp-content\/uploads\/2015\/04\/christian02-115x115.png 115w\" sizes=\"auto, (max-width: 150px) 100vw, 150px\" \/><\/a><\/td>\n<\/tr>\n<tr>\n<td style=\"text-align: left;\"><span style=\"color: #993300;\"><strong>3\u00a0. INMACULADA OMISTE FERN\u00c1NDEZ<\/strong><\/span><\/p>\n<p style=\"text-align: center;\"><em>Licenciada en Ciencias Pol\u00edticas y de la Administraci\u00f3n<\/em><br \/>\n<em> T\u00e9cnico Superior en Prevenci\u00f3n de Riesgos Laborales<\/em><\/p>\n<\/td>\n<td>\u00a0<a href=\"https:\/\/iumotril.org\/sitio\/wp-content\/uploads\/2015\/04\/inma.png\"><img loading=\"lazy\" decoding=\"async\" data-attachment-id=\"551\" data-permalink=\"https:\/\/iumotril.org\/sitio\/municipales-2015\/candidatos\/inma\/\" data-orig-file=\"https:\/\/iumotril.org\/sitio\/wp-content\/uploads\/2015\/04\/inma.png\" data-orig-size=\"731,726\" data-comments-opened=\"1\" data-image-meta=\"{&quot;aperture&quot;:&quot;0&quot;,&quot;credit&quot;:&quot;&quot;,&quot;camera&quot;:&quot;&quot;,&quot;caption&quot;:&quot;&quot;,&quot;created_timestamp&quot;:&quot;0&quot;,&quot;copyright&quot;:&quot;&quot;,&quot;focal_length&quot;:&quot;0&quot;,&quot;iso&quot;:&quot;0&quot;,&quot;shutter_speed&quot;:&quot;0&quot;,&quot;title&quot;:&quot;&quot;,&quot;orientation&quot;:&quot;0&quot;}\" data-image-title=\"inma\" data-image-description=\"\" data-image-caption=\"\" data-large-file=\"https:\/\/iumotril.org\/sitio\/wp-content\/uploads\/2015\/04\/inma.png\" class=\"alignnone wp-image-551 size-thumbnail\" src=\"https:\/\/iumotril.org\/sitio\/wp-content\/uploads\/2015\/04\/inma-150x150.png\" alt=\"inma\" width=\"150\" height=\"150\" srcset=\"https:\/\/iumotril.org\/sitio\/wp-content\/uploads\/2015\/04\/inma-150x150.png 150w, https:\/\/iumotril.org\/sitio\/wp-content\/uploads\/2015\/04\/inma-300x298.png 300w, https:\/\/iumotril.org\/sitio\/wp-content\/uploads\/2015\/04\/inma-36x36.png 36w, https:\/\/iumotril.org\/sitio\/wp-content\/uploads\/2015\/04\/inma-115x115.png 115w, https:\/\/iumotril.org\/sitio\/wp-content\/uploads\/2015\/04\/inma.png 731w\" sizes=\"auto, (max-width: 150px) 100vw, 150px\" \/><\/a><\/td>\n<\/tr>\n<tr>\n<td style=\"text-align: center;\">\n<p style=\"text-align: left;\"><span style=\"color: #993300;\"><strong>4. FELIPE VILLA RODR\u00cdGUEZ<\/strong><\/span><\/p>\n<p><em>Abogado Laboralista de CC.OO.<\/em><br \/>\n<em> Profesor Asociado de la Universidad de Granada (UGR)<\/em><\/td>\n<td>\u00a0<a href=\"https:\/\/iumotril.org\/sitio\/wp-content\/uploads\/2015\/04\/felipe02.png\"><img loading=\"lazy\" decoding=\"async\" data-attachment-id=\"621\" data-permalink=\"https:\/\/iumotril.org\/sitio\/municipales-2015\/candidatos\/felipe02\/\" data-orig-file=\"https:\/\/iumotril.org\/sitio\/wp-content\/uploads\/2015\/04\/felipe02.png\" data-orig-size=\"250,258\" data-comments-opened=\"1\" data-image-meta=\"{&quot;aperture&quot;:&quot;0&quot;,&quot;credit&quot;:&quot;&quot;,&quot;camera&quot;:&quot;&quot;,&quot;caption&quot;:&quot;&quot;,&quot;created_timestamp&quot;:&quot;0&quot;,&quot;copyright&quot;:&quot;&quot;,&quot;focal_length&quot;:&quot;0&quot;,&quot;iso&quot;:&quot;0&quot;,&quot;shutter_speed&quot;:&quot;0&quot;,&quot;title&quot;:&quot;&quot;,&quot;orientation&quot;:&quot;0&quot;}\" data-image-title=\"felipe02\" data-image-description=\"\" data-image-caption=\"\" data-large-file=\"https:\/\/iumotril.org\/sitio\/wp-content\/uploads\/2015\/04\/felipe02.png\" class=\"alignleft wp-image-621 size-thumbnail\" src=\"https:\/\/iumotril.org\/sitio\/wp-content\/uploads\/2015\/04\/felipe02-150x150.png\" alt=\"felipe02\" width=\"150\" height=\"150\" srcset=\"https:\/\/iumotril.org\/sitio\/wp-content\/uploads\/2015\/04\/felipe02-150x150.png 150w, https:\/\/iumotril.org\/sitio\/wp-content\/uploads\/2015\/04\/felipe02-36x36.png 36w, https:\/\/iumotril.org\/sitio\/wp-content\/uploads\/2015\/04\/felipe02-115x115.png 115w\" sizes=\"auto, (max-width: 150px) 100vw, 150px\" \/><\/a><\/td>\n<\/tr>\n<tr>\n<td>\n<p style=\"text-align: left;\"><span style=\"color: #993300;\"><strong>5. CONCEPCI\u00d3N BARROS GALLARDO<\/strong><\/span><\/p>\n<p style=\"text-align: center;\"><em>S<\/em><em>upervisora de Limdeco<\/em><\/p>\n<\/td>\n<td>\u00a0<a href=\"https:\/\/iumotril.org\/sitio\/wp-content\/uploads\/2015\/04\/conchi.png\"><img loading=\"lazy\" decoding=\"async\" data-attachment-id=\"589\" data-permalink=\"https:\/\/iumotril.org\/sitio\/municipales-2015\/candidatos\/conchi\/\" data-orig-file=\"https:\/\/iumotril.org\/sitio\/wp-content\/uploads\/2015\/04\/conchi.png\" data-orig-size=\"330,350\" data-comments-opened=\"1\" data-image-meta=\"{&quot;aperture&quot;:&quot;0&quot;,&quot;credit&quot;:&quot;&quot;,&quot;camera&quot;:&quot;&quot;,&quot;caption&quot;:&quot;&quot;,&quot;created_timestamp&quot;:&quot;0&quot;,&quot;copyright&quot;:&quot;&quot;,&quot;focal_length&quot;:&quot;0&quot;,&quot;iso&quot;:&quot;0&quot;,&quot;shutter_speed&quot;:&quot;0&quot;,&quot;title&quot;:&quot;&quot;,&quot;orientation&quot;:&quot;0&quot;}\" data-image-title=\"conchi\" data-image-description=\"\" data-image-caption=\"\" data-large-file=\"https:\/\/iumotril.org\/sitio\/wp-content\/uploads\/2015\/04\/conchi.png\" class=\"alignleft wp-image-589 size-thumbnail\" src=\"https:\/\/iumotril.org\/sitio\/wp-content\/uploads\/2015\/04\/conchi-150x150.png\" alt=\"conchi\" width=\"150\" height=\"150\" srcset=\"https:\/\/iumotril.org\/sitio\/wp-content\/uploads\/2015\/04\/conchi-150x150.png 150w, https:\/\/iumotril.org\/sitio\/wp-content\/uploads\/2015\/04\/conchi-36x36.png 36w, https:\/\/iumotril.org\/sitio\/wp-content\/uploads\/2015\/04\/conchi-115x115.png 115w\" sizes=\"auto, (max-width: 150px) 100vw, 150px\" \/><\/a><\/td>\n<\/tr>\n<tr>\n<td><span style=\"color: #993300;\"><strong>6. RODRIGO BUSTOS ALONSO<\/strong><\/span><\/p>\n<p style=\"text-align: center;\"><em>Auxiliar de Actividades Deportivas<\/em><br \/>\n<em> Maestro, especialidad en Educaci\u00f3n F\u00edsica<\/em><\/p>\n<\/td>\n<td>\u00a0<a href=\"https:\/\/iumotril.org\/sitio\/wp-content\/uploads\/2015\/04\/rodri02.png\"><img loading=\"lazy\" decoding=\"async\" data-attachment-id=\"557\" data-permalink=\"https:\/\/iumotril.org\/sitio\/municipales-2015\/candidatos\/rodri02\/\" data-orig-file=\"https:\/\/iumotril.org\/sitio\/wp-content\/uploads\/2015\/04\/rodri02.png\" data-orig-size=\"391,571\" data-comments-opened=\"1\" data-image-meta=\"{&quot;aperture&quot;:&quot;0&quot;,&quot;credit&quot;:&quot;&quot;,&quot;camera&quot;:&quot;&quot;,&quot;caption&quot;:&quot;&quot;,&quot;created_timestamp&quot;:&quot;0&quot;,&quot;copyright&quot;:&quot;&quot;,&quot;focal_length&quot;:&quot;0&quot;,&quot;iso&quot;:&quot;0&quot;,&quot;shutter_speed&quot;:&quot;0&quot;,&quot;title&quot;:&quot;&quot;,&quot;orientation&quot;:&quot;0&quot;}\" data-image-title=\"rodri02\" data-image-description=\"\" data-image-caption=\"\" data-large-file=\"https:\/\/iumotril.org\/sitio\/wp-content\/uploads\/2015\/04\/rodri02.png\" class=\"aligncenter size-thumbnail wp-image-557\" src=\"https:\/\/iumotril.org\/sitio\/wp-content\/uploads\/2015\/04\/rodri02-150x150.png\" alt=\"rodri02\" width=\"150\" height=\"150\" srcset=\"https:\/\/iumotril.org\/sitio\/wp-content\/uploads\/2015\/04\/rodri02-150x150.png 150w, https:\/\/iumotril.org\/sitio\/wp-content\/uploads\/2015\/04\/rodri02-36x36.png 36w, https:\/\/iumotril.org\/sitio\/wp-content\/uploads\/2015\/04\/rodri02-115x115.png 115w\" sizes=\"auto, (max-width: 150px) 100vw, 150px\" \/><\/a><\/td>\n<\/tr>\n<tr>\n<td><span style=\"color: #993300;\"><strong>7. ESTRELLA GALIANO CARRASCOSA<\/strong><\/span><\/p>\n<p style=\"text-align: center;\"><em>Trabajadora de Limdeco<\/em><br \/>\n<em> Representante sindical de CC.OO.<\/em><\/p>\n<\/td>\n<td>\u00a0<a href=\"https:\/\/iumotril.org\/sitio\/wp-content\/uploads\/2015\/04\/esrtrella02.png\"><img loading=\"lazy\" decoding=\"async\" data-attachment-id=\"620\" data-permalink=\"https:\/\/iumotril.org\/sitio\/municipales-2015\/candidatos\/esrtrella02\/\" data-orig-file=\"https:\/\/iumotril.org\/sitio\/wp-content\/uploads\/2015\/04\/esrtrella02.png\" data-orig-size=\"250,286\" data-comments-opened=\"1\" data-image-meta=\"{&quot;aperture&quot;:&quot;0&quot;,&quot;credit&quot;:&quot;&quot;,&quot;camera&quot;:&quot;&quot;,&quot;caption&quot;:&quot;&quot;,&quot;created_timestamp&quot;:&quot;0&quot;,&quot;copyright&quot;:&quot;&quot;,&quot;focal_length&quot;:&quot;0&quot;,&quot;iso&quot;:&quot;0&quot;,&quot;shutter_speed&quot;:&quot;0&quot;,&quot;title&quot;:&quot;&quot;,&quot;orientation&quot;:&quot;0&quot;}\" data-image-title=\"esrtrella02\" data-image-description=\"\" data-image-caption=\"\" data-large-file=\"https:\/\/iumotril.org\/sitio\/wp-content\/uploads\/2015\/04\/esrtrella02.png\" class=\"alignleft wp-image-620 size-thumbnail\" src=\"https:\/\/iumotril.org\/sitio\/wp-content\/uploads\/2015\/04\/esrtrella02-150x150.png\" alt=\"esrtrella02\" width=\"150\" height=\"150\" srcset=\"https:\/\/iumotril.org\/sitio\/wp-content\/uploads\/2015\/04\/esrtrella02-150x150.png 150w, https:\/\/iumotril.org\/sitio\/wp-content\/uploads\/2015\/04\/esrtrella02-36x36.png 36w, https:\/\/iumotril.org\/sitio\/wp-content\/uploads\/2015\/04\/esrtrella02-115x115.png 115w\" sizes=\"auto, (max-width: 150px) 100vw, 150px\" \/><\/a><\/td>\n<\/tr>\n<tr>\n<td><span style=\"color: #993300;\"><strong>8. JOSE ANTONIO PEDROSA FUNES<\/strong><\/span><\/p>\n<p style=\"text-align: center;\"><em>Funcionario del Ayto. de Motril.<\/em><br \/>\n<em> Delegado de Salud Laboral de CC.OO.<\/em><\/p>\n<\/td>\n<td>\u00a0<a href=\"https:\/\/iumotril.org\/sitio\/wp-content\/uploads\/2015\/04\/jant_pedrosa.png\"><img loading=\"lazy\" decoding=\"async\" data-attachment-id=\"591\" data-permalink=\"https:\/\/iumotril.org\/sitio\/municipales-2015\/candidatos\/jant_pedrosa\/\" data-orig-file=\"https:\/\/iumotril.org\/sitio\/wp-content\/uploads\/2015\/04\/jant_pedrosa.png\" data-orig-size=\"253,304\" data-comments-opened=\"1\" data-image-meta=\"{&quot;aperture&quot;:&quot;0&quot;,&quot;credit&quot;:&quot;&quot;,&quot;camera&quot;:&quot;&quot;,&quot;caption&quot;:&quot;&quot;,&quot;created_timestamp&quot;:&quot;0&quot;,&quot;copyright&quot;:&quot;&quot;,&quot;focal_length&quot;:&quot;0&quot;,&quot;iso&quot;:&quot;0&quot;,&quot;shutter_speed&quot;:&quot;0&quot;,&quot;title&quot;:&quot;&quot;,&quot;orientation&quot;:&quot;0&quot;}\" data-image-title=\"jant_pedrosa\" data-image-description=\"\" data-image-caption=\"\" data-large-file=\"https:\/\/iumotril.org\/sitio\/wp-content\/uploads\/2015\/04\/jant_pedrosa.png\" class=\"alignleft wp-image-591 size-thumbnail\" src=\"https:\/\/iumotril.org\/sitio\/wp-content\/uploads\/2015\/04\/jant_pedrosa-150x150.png\" alt=\"jant_pedrosa\" width=\"150\" height=\"150\" srcset=\"https:\/\/iumotril.org\/sitio\/wp-content\/uploads\/2015\/04\/jant_pedrosa-150x150.png 150w, https:\/\/iumotril.org\/sitio\/wp-content\/uploads\/2015\/04\/jant_pedrosa-36x36.png 36w, https:\/\/iumotril.org\/sitio\/wp-content\/uploads\/2015\/04\/jant_pedrosa-115x115.png 115w\" sizes=\"auto, (max-width: 150px) 100vw, 150px\" \/><\/a><\/td>\n<\/tr>\n<tr>\n<td><span style=\"color: #993300;\"><strong>9. JESSICA JIMENEZ DOMINGUEZ<\/strong><\/span><\/p>\n<p style=\"text-align: center;\"><em>Trabajadora del sector hortofrut\u00edcola<\/em><\/p>\n<\/td>\n<td><\/td>\n<\/tr>\n<tr>\n<td><span style=\"color: #993300;\"><strong>10. PERSEVERANDO MANUEL RODR\u00cdGUEZ ALCALDE<\/strong><\/span><\/p>\n<p style=\"text-align: center;\"><em>Educador Medioambiental<\/em><br \/>\n<em> Representante sindical<\/em><\/p>\n<\/td>\n<td>\u00a0<a href=\"https:\/\/iumotril.org\/sitio\/wp-content\/uploads\/2015\/04\/perse02.jpg\"><img loading=\"lazy\" decoding=\"async\" data-attachment-id=\"626\" data-permalink=\"https:\/\/iumotril.org\/sitio\/municipales-2015\/candidatos\/perse02\/\" data-orig-file=\"https:\/\/iumotril.org\/sitio\/wp-content\/uploads\/2015\/04\/perse02.jpg\" data-orig-size=\"250,312\" data-comments-opened=\"1\" data-image-meta=\"{&quot;aperture&quot;:&quot;0&quot;,&quot;credit&quot;:&quot;&quot;,&quot;camera&quot;:&quot;&quot;,&quot;caption&quot;:&quot;&quot;,&quot;created_timestamp&quot;:&quot;0&quot;,&quot;copyright&quot;:&quot;&quot;,&quot;focal_length&quot;:&quot;0&quot;,&quot;iso&quot;:&quot;0&quot;,&quot;shutter_speed&quot;:&quot;0&quot;,&quot;title&quot;:&quot;&quot;,&quot;orientation&quot;:&quot;0&quot;}\" data-image-title=\"perse02\" data-image-description=\"\" data-image-caption=\"\" data-large-file=\"https:\/\/iumotril.org\/sitio\/wp-content\/uploads\/2015\/04\/perse02.jpg\" class=\"alignleft wp-image-626 size-thumbnail\" src=\"https:\/\/iumotril.org\/sitio\/wp-content\/uploads\/2015\/04\/perse02-150x150.jpg\" alt=\"perse02\" width=\"150\" height=\"150\" srcset=\"https:\/\/iumotril.org\/sitio\/wp-content\/uploads\/2015\/04\/perse02-150x150.jpg 150w, https:\/\/iumotril.org\/sitio\/wp-content\/uploads\/2015\/04\/perse02-36x36.jpg 36w, https:\/\/iumotril.org\/sitio\/wp-content\/uploads\/2015\/04\/perse02-115x115.jpg 115w\" sizes=\"auto, (max-width: 150px) 100vw, 150px\" \/><\/a><\/td>\n<\/tr>\n<tr>\n<td><span style=\"color: #993300;\"><strong>11. VANESSA BERRIO S\u00c1NCHEZ<\/strong><\/span><\/p>\n<p style=\"text-align: center;\"><em>Trabajadora del sector hortofrut\u00edcola<\/em><\/p>\n<\/td>\n<td>\u00a0<a href=\"https:\/\/iumotril.org\/sitio\/wp-content\/uploads\/2015\/04\/vanessa02.png\"><img loading=\"lazy\" decoding=\"async\" data-attachment-id=\"623\" data-permalink=\"https:\/\/iumotril.org\/sitio\/municipales-2015\/candidatos\/vanessa02\/\" data-orig-file=\"https:\/\/iumotril.org\/sitio\/wp-content\/uploads\/2015\/04\/vanessa02.png\" data-orig-size=\"250,293\" data-comments-opened=\"1\" data-image-meta=\"{&quot;aperture&quot;:&quot;0&quot;,&quot;credit&quot;:&quot;&quot;,&quot;camera&quot;:&quot;&quot;,&quot;caption&quot;:&quot;&quot;,&quot;created_timestamp&quot;:&quot;0&quot;,&quot;copyright&quot;:&quot;&quot;,&quot;focal_length&quot;:&quot;0&quot;,&quot;iso&quot;:&quot;0&quot;,&quot;shutter_speed&quot;:&quot;0&quot;,&quot;title&quot;:&quot;&quot;,&quot;orientation&quot;:&quot;0&quot;}\" data-image-title=\"vanessa02\" data-image-description=\"\" data-image-caption=\"\" data-large-file=\"https:\/\/iumotril.org\/sitio\/wp-content\/uploads\/2015\/04\/vanessa02.png\" class=\"alignleft wp-image-623 size-thumbnail\" src=\"https:\/\/iumotril.org\/sitio\/wp-content\/uploads\/2015\/04\/vanessa02-150x150.png\" alt=\"vanessa02\" width=\"150\" height=\"150\" srcset=\"https:\/\/iumotril.org\/sitio\/wp-content\/uploads\/2015\/04\/vanessa02-150x150.png 150w, https:\/\/iumotril.org\/sitio\/wp-content\/uploads\/2015\/04\/vanessa02-36x36.png 36w, https:\/\/iumotril.org\/sitio\/wp-content\/uploads\/2015\/04\/vanessa02-115x115.png 115w\" sizes=\"auto, (max-width: 150px) 100vw, 150px\" \/><\/a><\/td>\n<\/tr>\n<tr>\n<td><span style=\"color: #993300;\"><strong>12. \u00a0FRANCISO TORCUATO CORT\u00c9S<\/strong><\/span><\/p>\n<p style=\"text-align: center;\"><em>Poeta y Activista<\/em><\/p>\n<\/td>\n<td>\u00a0<a href=\"https:\/\/iumotril.org\/sitio\/wp-content\/uploads\/2015\/04\/Francistorcuato02.jpg\"><img loading=\"lazy\" decoding=\"async\" data-attachment-id=\"632\" data-permalink=\"https:\/\/iumotril.org\/sitio\/municipales-2015\/candidatos\/francistorcuato02\/\" data-orig-file=\"https:\/\/iumotril.org\/sitio\/wp-content\/uploads\/2015\/04\/Francistorcuato02.jpg\" data-orig-size=\"1409,1651\" data-comments-opened=\"1\" data-image-meta=\"{&quot;aperture&quot;:&quot;0&quot;,&quot;credit&quot;:&quot;&quot;,&quot;camera&quot;:&quot;&quot;,&quot;caption&quot;:&quot;&quot;,&quot;created_timestamp&quot;:&quot;0&quot;,&quot;copyright&quot;:&quot;&quot;,&quot;focal_length&quot;:&quot;0&quot;,&quot;iso&quot;:&quot;0&quot;,&quot;shutter_speed&quot;:&quot;0&quot;,&quot;title&quot;:&quot;&quot;,&quot;orientation&quot;:&quot;0&quot;}\" data-image-title=\"Francistorcuato02\" data-image-description=\"\" data-image-caption=\"\" data-large-file=\"https:\/\/iumotril.org\/sitio\/wp-content\/uploads\/2015\/04\/Francistorcuato02-874x1024.jpg\" class=\"alignleft wp-image-632 size-thumbnail\" src=\"https:\/\/iumotril.org\/sitio\/wp-content\/uploads\/2015\/04\/Francistorcuato02-150x150.jpg\" alt=\"Francistorcuato02\" width=\"150\" height=\"150\" srcset=\"https:\/\/iumotril.org\/sitio\/wp-content\/uploads\/2015\/04\/Francistorcuato02-150x150.jpg 150w, https:\/\/iumotril.org\/sitio\/wp-content\/uploads\/2015\/04\/Francistorcuato02-36x36.jpg 36w, https:\/\/iumotril.org\/sitio\/wp-content\/uploads\/2015\/04\/Francistorcuato02-115x115.jpg 115w\" sizes=\"auto, (max-width: 150px) 100vw, 150px\" \/><\/a><\/td>\n<\/tr>\n<tr>\n<td><strong><span style=\"color: #993300;\">13. \u00a0MARIA ISABEL AYALA RIVAS<\/span><\/strong><\/p>\n<p style=\"text-align: center;\"><em>Enfermera<\/em><\/p>\n<\/td>\n<td><\/td>\n<\/tr>\n<tr>\n<td><span style=\"color: #993300;\"><strong>14. JOSE ANTONIO CASTILLO GARC\u00cdA<\/strong><\/span><\/p>\n<p style=\"text-align: center;\"><em>Profesor de secundaria<\/em><br \/>\n<em> Miembro de Asociaci\u00f3n memorialista<\/em><\/p>\n<\/td>\n<td><a href=\"https:\/\/iumotril.org\/sitio\/wp-content\/uploads\/2015\/04\/jacastillo02.jpg\"><img loading=\"lazy\" decoding=\"async\" data-attachment-id=\"628\" data-permalink=\"https:\/\/iumotril.org\/sitio\/municipales-2015\/candidatos\/jacastillo02\/\" data-orig-file=\"https:\/\/iumotril.org\/sitio\/wp-content\/uploads\/2015\/04\/jacastillo02.jpg\" data-orig-size=\"250,262\" data-comments-opened=\"1\" data-image-meta=\"{&quot;aperture&quot;:&quot;0&quot;,&quot;credit&quot;:&quot;&quot;,&quot;camera&quot;:&quot;&quot;,&quot;caption&quot;:&quot;&quot;,&quot;created_timestamp&quot;:&quot;0&quot;,&quot;copyright&quot;:&quot;&quot;,&quot;focal_length&quot;:&quot;0&quot;,&quot;iso&quot;:&quot;0&quot;,&quot;shutter_speed&quot;:&quot;0&quot;,&quot;title&quot;:&quot;&quot;,&quot;orientation&quot;:&quot;0&quot;}\" data-image-title=\"jacastillo02\" data-image-description=\"\" data-image-caption=\"\" data-large-file=\"https:\/\/iumotril.org\/sitio\/wp-content\/uploads\/2015\/04\/jacastillo02.jpg\" class=\"alignleft wp-image-628 size-thumbnail\" src=\"https:\/\/iumotril.org\/sitio\/wp-content\/uploads\/2015\/04\/jacastillo02-150x150.jpg\" alt=\"jacastillo02\" width=\"150\" height=\"150\" srcset=\"https:\/\/iumotril.org\/sitio\/wp-content\/uploads\/2015\/04\/jacastillo02-150x150.jpg 150w, https:\/\/iumotril.org\/sitio\/wp-content\/uploads\/2015\/04\/jacastillo02-36x36.jpg 36w, https:\/\/iumotril.org\/sitio\/wp-content\/uploads\/2015\/04\/jacastillo02-115x115.jpg 115w\" sizes=\"auto, (max-width: 150px) 100vw, 150px\" \/><\/a><\/td>\n<\/tr>\n<tr>\n<td><span style=\"color: #993300;\"><strong>15. MARIA DOLORES MART\u00cdN MARTINEZ<\/strong><\/span><\/p>\n<p style=\"text-align: center;\"><em>Aut\u00f3noma.\u00a0<\/em><em>Formadora ocupacional<\/em><\/p>\n<\/td>\n<td>\u00a0<a href=\"https:\/\/iumotril.org\/sitio\/wp-content\/uploads\/2015\/04\/mdolores02.jpg\"><img loading=\"lazy\" decoding=\"async\" data-attachment-id=\"627\" data-permalink=\"https:\/\/iumotril.org\/sitio\/municipales-2015\/candidatos\/mdolores02\/\" data-orig-file=\"https:\/\/iumotril.org\/sitio\/wp-content\/uploads\/2015\/04\/mdolores02.jpg\" data-orig-size=\"250,254\" data-comments-opened=\"1\" data-image-meta=\"{&quot;aperture&quot;:&quot;0&quot;,&quot;credit&quot;:&quot;&quot;,&quot;camera&quot;:&quot;&quot;,&quot;caption&quot;:&quot;&quot;,&quot;created_timestamp&quot;:&quot;0&quot;,&quot;copyright&quot;:&quot;&quot;,&quot;focal_length&quot;:&quot;0&quot;,&quot;iso&quot;:&quot;0&quot;,&quot;shutter_speed&quot;:&quot;0&quot;,&quot;title&quot;:&quot;&quot;,&quot;orientation&quot;:&quot;0&quot;}\" data-image-title=\"mdolores02\" data-image-description=\"\" data-image-caption=\"\" data-large-file=\"https:\/\/iumotril.org\/sitio\/wp-content\/uploads\/2015\/04\/mdolores02.jpg\" class=\"alignleft wp-image-627 size-thumbnail\" src=\"https:\/\/iumotril.org\/sitio\/wp-content\/uploads\/2015\/04\/mdolores02-150x150.jpg\" alt=\"mdolores02\" width=\"150\" height=\"150\" srcset=\"https:\/\/iumotril.org\/sitio\/wp-content\/uploads\/2015\/04\/mdolores02-150x150.jpg 150w, https:\/\/iumotril.org\/sitio\/wp-content\/uploads\/2015\/04\/mdolores02-36x36.jpg 36w, https:\/\/iumotril.org\/sitio\/wp-content\/uploads\/2015\/04\/mdolores02-115x115.jpg 115w\" sizes=\"auto, (max-width: 150px) 100vw, 150px\" \/><\/a><\/td>\n<\/tr>\n<tr>\n<td><span style=\"color: #993300;\"><strong>16. FERNANDO ALCALDE RODR\u00cdGUEZ<\/strong><\/span><\/p>\n<p style=\"text-align: center;\"><em>Licenciado en Ciencias Geol\u00f3gicas<\/em><br \/>\n<em> Miembro de asociaciones ecol\u00f3gicas y memorialistas<\/em><\/p>\n<\/td>\n<td>\u00a0<a href=\"https:\/\/iumotril.org\/sitio\/wp-content\/uploads\/2015\/04\/fernando02.png\"><img loading=\"lazy\" decoding=\"async\" data-attachment-id=\"553\" data-permalink=\"https:\/\/iumotril.org\/sitio\/municipales-2015\/candidatos\/fernando02\/\" data-orig-file=\"https:\/\/iumotril.org\/sitio\/wp-content\/uploads\/2015\/04\/fernando02.png\" data-orig-size=\"310,413\" data-comments-opened=\"1\" data-image-meta=\"{&quot;aperture&quot;:&quot;0&quot;,&quot;credit&quot;:&quot;&quot;,&quot;camera&quot;:&quot;&quot;,&quot;caption&quot;:&quot;&quot;,&quot;created_timestamp&quot;:&quot;0&quot;,&quot;copyright&quot;:&quot;&quot;,&quot;focal_length&quot;:&quot;0&quot;,&quot;iso&quot;:&quot;0&quot;,&quot;shutter_speed&quot;:&quot;0&quot;,&quot;title&quot;:&quot;&quot;,&quot;orientation&quot;:&quot;0&quot;}\" data-image-title=\"fernando02\" data-image-description=\"\" data-image-caption=\"\" data-large-file=\"https:\/\/iumotril.org\/sitio\/wp-content\/uploads\/2015\/04\/fernando02.png\" class=\"aligncenter wp-image-553 size-thumbnail\" src=\"https:\/\/iumotril.org\/sitio\/wp-content\/uploads\/2015\/04\/fernando02-150x150.png\" alt=\"fernando02\" width=\"150\" height=\"150\" srcset=\"https:\/\/iumotril.org\/sitio\/wp-content\/uploads\/2015\/04\/fernando02-150x150.png 150w, https:\/\/iumotril.org\/sitio\/wp-content\/uploads\/2015\/04\/fernando02-36x36.png 36w, https:\/\/iumotril.org\/sitio\/wp-content\/uploads\/2015\/04\/fernando02-115x115.png 115w\" sizes=\"auto, (max-width: 150px) 100vw, 150px\" \/><\/a><\/td>\n<\/tr>\n<tr>\n<td><strong><span style=\"color: #993300;\">17 CARMEN DOMINGUEZ RODR\u00cdGUEZ<\/span><\/strong><\/p>\n<p style=\"text-align: center;\"><em>Auxiliar de Cl\u00ednica<\/em><\/p>\n<\/td>\n<td><\/td>\n<\/tr>\n<tr>\n<td><span style=\"color: #993300;\"><strong>18. JOS\u00c9 GONZALO RUIZ RUIZ<\/strong><\/span><\/p>\n<p style=\"text-align: center;\"><em>Maestro<\/em><br \/>\n<em> Director Colegio P\u00fablico Pr\u00edncipe Felipe<\/em><br \/>\n<em> Miembro de HOAC<\/em><\/p>\n<\/td>\n<td>\u00a0<a href=\"https:\/\/iumotril.org\/sitio\/wp-content\/uploads\/2015\/04\/gonzalo021.png\"><img loading=\"lazy\" decoding=\"async\" data-attachment-id=\"554\" data-permalink=\"https:\/\/iumotril.org\/sitio\/municipales-2015\/candidatos\/gonzalo02-2\/\" data-orig-file=\"https:\/\/iumotril.org\/sitio\/wp-content\/uploads\/2015\/04\/gonzalo021.png\" data-orig-size=\"497,682\" data-comments-opened=\"1\" data-image-meta=\"{&quot;aperture&quot;:&quot;0&quot;,&quot;credit&quot;:&quot;&quot;,&quot;camera&quot;:&quot;&quot;,&quot;caption&quot;:&quot;&quot;,&quot;created_timestamp&quot;:&quot;0&quot;,&quot;copyright&quot;:&quot;&quot;,&quot;focal_length&quot;:&quot;0&quot;,&quot;iso&quot;:&quot;0&quot;,&quot;shutter_speed&quot;:&quot;0&quot;,&quot;title&quot;:&quot;&quot;,&quot;orientation&quot;:&quot;0&quot;}\" data-image-title=\"gonzalo02\" data-image-description=\"\" data-image-caption=\"\" data-large-file=\"https:\/\/iumotril.org\/sitio\/wp-content\/uploads\/2015\/04\/gonzalo021.png\" class=\"aligncenter wp-image-554 \" src=\"https:\/\/iumotril.org\/sitio\/wp-content\/uploads\/2015\/04\/gonzalo021-219x300.png\" alt=\"gonzalo02\" width=\"153\" height=\"175\" \/><\/a><\/td>\n<\/tr>\n<tr>\n<td><span style=\"color: #993300;\"><strong>19. GERTRUDIS CALVO GONZALEZ<\/strong><\/span><\/p>\n<p style=\"text-align: center;\"><em>Trabajadora de Limdeco<\/em><\/p>\n<\/td>\n<td><\/td>\n<\/tr>\n<tr>\n<td><span style=\"color: #993300;\"><strong>20. RUBEN FUENTES CARMONA<\/strong><\/span><\/p>\n<p style=\"text-align: center;\"><em>Trabajador del sector hortofrut\u00edcola<\/em><\/p>\n<\/td>\n<td><\/td>\n<\/tr>\n<tr>\n<td><span style=\"color: #993300;\"><strong>21. \u00a0VERONICA L\u00d3PEZ RUBI\u00d1O<\/strong><\/span><\/p>\n<p style=\"text-align: center;\"><em>Auxiliar de Cl\u00ednica<\/em><\/p>\n<\/td>\n<td><\/td>\n<\/tr>\n<tr>\n<td><span style=\"color: #993300;\"><strong>22. FRANCISCO GERM\u00c1N MORATA RAMOS<\/strong><\/span><\/p>\n<p style=\"text-align: center;\"><em>Trabajador de Torras Papel<\/em><br \/>\n<em> Representante sindical<\/em><\/p>\n<\/td>\n<td>\u00a0<a href=\"https:\/\/iumotril.org\/sitio\/wp-content\/uploads\/2015\/04\/pacomoraga.jpg\"><img loading=\"lazy\" decoding=\"async\" data-attachment-id=\"630\" data-permalink=\"https:\/\/iumotril.org\/sitio\/municipales-2015\/candidatos\/pacomoraga\/\" data-orig-file=\"https:\/\/iumotril.org\/sitio\/wp-content\/uploads\/2015\/04\/pacomoraga.jpg\" data-orig-size=\"250,280\" data-comments-opened=\"1\" data-image-meta=\"{&quot;aperture&quot;:&quot;0&quot;,&quot;credit&quot;:&quot;&quot;,&quot;camera&quot;:&quot;&quot;,&quot;caption&quot;:&quot;&quot;,&quot;created_timestamp&quot;:&quot;0&quot;,&quot;copyright&quot;:&quot;&quot;,&quot;focal_length&quot;:&quot;0&quot;,&quot;iso&quot;:&quot;0&quot;,&quot;shutter_speed&quot;:&quot;0&quot;,&quot;title&quot;:&quot;&quot;,&quot;orientation&quot;:&quot;0&quot;}\" data-image-title=\"pacomorata\" data-image-description=\"\" data-image-caption=\"\" data-large-file=\"https:\/\/iumotril.org\/sitio\/wp-content\/uploads\/2015\/04\/pacomoraga.jpg\" class=\"alignleft wp-image-630 size-thumbnail\" src=\"https:\/\/iumotril.org\/sitio\/wp-content\/uploads\/2015\/04\/pacomoraga-150x150.jpg\" alt=\"pacomorata\" width=\"150\" height=\"150\" srcset=\"https:\/\/iumotril.org\/sitio\/wp-content\/uploads\/2015\/04\/pacomoraga-150x150.jpg 150w, https:\/\/iumotril.org\/sitio\/wp-content\/uploads\/2015\/04\/pacomoraga-36x36.jpg 36w, https:\/\/iumotril.org\/sitio\/wp-content\/uploads\/2015\/04\/pacomoraga-115x115.jpg 115w\" sizes=\"auto, (max-width: 150px) 100vw, 150px\" \/><\/a><\/td>\n<\/tr>\n<tr>\n<td><span style=\"color: #993300;\"><strong>23. ANA VICTORIA OLEA LOPEZ<\/strong><\/span><\/p>\n<p style=\"text-align: center;\"><em>Monitora Sociocultural<\/em><\/p>\n<\/td>\n<td><a href=\"https:\/\/iumotril.org\/sitio\/wp-content\/uploads\/2015\/04\/gertru02.png\"><img loading=\"lazy\" decoding=\"async\" data-attachment-id=\"556\" data-permalink=\"https:\/\/iumotril.org\/sitio\/municipales-2015\/candidatos\/gertru02\/\" data-orig-file=\"https:\/\/iumotril.org\/sitio\/wp-content\/uploads\/2015\/04\/gertru02.png\" data-orig-size=\"563,721\" data-comments-opened=\"1\" data-image-meta=\"{&quot;aperture&quot;:&quot;0&quot;,&quot;credit&quot;:&quot;&quot;,&quot;camera&quot;:&quot;&quot;,&quot;caption&quot;:&quot;&quot;,&quot;created_timestamp&quot;:&quot;0&quot;,&quot;copyright&quot;:&quot;&quot;,&quot;focal_length&quot;:&quot;0&quot;,&quot;iso&quot;:&quot;0&quot;,&quot;shutter_speed&quot;:&quot;0&quot;,&quot;title&quot;:&quot;&quot;,&quot;orientation&quot;:&quot;0&quot;}\" data-image-title=\"gertru02\" data-image-description=\"\" data-image-caption=\"\" data-large-file=\"https:\/\/iumotril.org\/sitio\/wp-content\/uploads\/2015\/04\/gertru02.png\" class=\"  wp-image-556 aligncenter\" src=\"https:\/\/iumotril.org\/sitio\/wp-content\/uploads\/2015\/04\/gertru02-234x300.png\" alt=\"gertru02\" width=\"128\" height=\"164\" srcset=\"https:\/\/iumotril.org\/sitio\/wp-content\/uploads\/2015\/04\/gertru02-234x300.png 234w, https:\/\/iumotril.org\/sitio\/wp-content\/uploads\/2015\/04\/gertru02.png 563w\" sizes=\"auto, (max-width: 128px) 100vw, 128px\" \/><\/a><\/td>\n<\/tr>\n<tr>\n<td><span style=\"color: #993300;\"><strong>24. DANIEL SANCHEZ<\/strong><\/span><\/p>\n<p style=\"text-align: center;\"><em>Maestro<\/em><\/p>\n<\/td>\n<td>\u00a0<a href=\"https:\/\/iumotril.org\/sitio\/wp-content\/uploads\/2015\/04\/danielsanchez_150.png\"><img loading=\"lazy\" decoding=\"async\" data-attachment-id=\"555\" data-permalink=\"https:\/\/iumotril.org\/sitio\/municipales-2015\/candidatos\/danielsanchez_150\/\" data-orig-file=\"https:\/\/iumotril.org\/sitio\/wp-content\/uploads\/2015\/04\/danielsanchez_150.png\" data-orig-size=\"150,174\" data-comments-opened=\"1\" data-image-meta=\"{&quot;aperture&quot;:&quot;0&quot;,&quot;credit&quot;:&quot;&quot;,&quot;camera&quot;:&quot;&quot;,&quot;caption&quot;:&quot;&quot;,&quot;created_timestamp&quot;:&quot;0&quot;,&quot;copyright&quot;:&quot;&quot;,&quot;focal_length&quot;:&quot;0&quot;,&quot;iso&quot;:&quot;0&quot;,&quot;shutter_speed&quot;:&quot;0&quot;,&quot;title&quot;:&quot;&quot;,&quot;orientation&quot;:&quot;0&quot;}\" data-image-title=\"danielsanchez_150\" data-image-description=\"\" data-image-caption=\"\" data-large-file=\"https:\/\/iumotril.org\/sitio\/wp-content\/uploads\/2015\/04\/danielsanchez_150.png\" class=\"aligncenter wp-image-555 size-thumbnail\" src=\"https:\/\/iumotril.org\/sitio\/wp-content\/uploads\/2015\/04\/danielsanchez_150-150x150.png\" alt=\"danielsanchez_150\" width=\"150\" height=\"150\" srcset=\"https:\/\/iumotril.org\/sitio\/wp-content\/uploads\/2015\/04\/danielsanchez_150-150x150.png 150w, https:\/\/iumotril.org\/sitio\/wp-content\/uploads\/2015\/04\/danielsanchez_150-36x36.png 36w, https:\/\/iumotril.org\/sitio\/wp-content\/uploads\/2015\/04\/danielsanchez_150-115x115.png 115w\" sizes=\"auto, (max-width: 150px) 100vw, 150px\" \/><\/a><\/td>\n<\/tr>\n<tr>\n<td><span style=\"color: #993300;\"><strong>25. ANA M\u00aa PEDROSA FUNES<\/strong><\/span><\/p>\n<p style=\"text-align: center;\"><em>Trabajadora Sector Servicios<\/em><\/p>\n<\/td>\n<td><\/td>\n<\/tr>\n<tr>\n<td style=\"text-align: center;\" colspan=\"2\"><strong>Suplentes<\/strong><\/td>\n<\/tr>\n<tr>\n<td style=\"text-align: left;\"><span style=\"color: #993300;\">1. BONIFACIO PEREZ GARC\u00cdA<\/span><\/td>\n<td><\/td>\n<\/tr>\n<tr>\n<td><span style=\"color: #993300;\">2. MIGUEL MEDINA FERNANDEZ-ACEYTUNO<\/span><\/td>\n<td><\/td>\n<\/tr>\n<tr>\n<td><span style=\"color: #993300;\">3. MANUEL LAHOZ LE\u00d3N<\/span><\/td>\n<td><\/td>\n<\/tr>\n<tr>\n<td><span style=\"color: #993300;\">4. ESTEFAN\u00cdA PAQU\u00c9 PE\u00d1A<\/span><\/td>\n<td><\/td>\n<\/tr>\n<tr>\n<td><span style=\"color: #993300;\">5. ANA ESTRELLA L\u00d3PEZ MORENO<\/span><\/td>\n<td><\/td>\n<\/tr>\n<tr>\n<td><\/td>\n<td><\/td>\n<\/tr>\n<\/tbody>\n<\/table>\n<p>&nbsp;<\/p>\n<p>&nbsp;<\/p>\n","protected":false},"excerpt":{"rendered":"<p>Izquierda Unida Los Verdes Convocatoria por Andaluc\u00eda es una fuerza [&hellip;]<\/p>\n","protected":false},"author":1,"featured_media":0,"parent":533,"menu_order":1,"comment_status":"open","ping_status":"open","template":"","meta":{"cybocfi_hide_featured_image":"","footnotes":""},"class_list":["post-542","page","type-page","status-publish","hentry"],"jetpack_sharing_enabled":true,"jetpack_shortlink":"https:\/\/wp.me\/P4QsU5-8K","jetpack-related-posts":[{"id":413,"url":"https:\/\/iumotril.org\/sitio\/borrador-programa-marco\/","url_meta":{"origin":542,"position":0},"title":"Borrador Programa Marco","author":"Izquierda Unida Motril","date":"27 enero, 2015","format":false,"excerpt":"En poco tiempo los ciudadanos y ciudadanas de Motril tendr\u00e9is la oportunidad de ejercer el derecho a elegir a quienes en vuestro nombre vamos a gobernar nuestra ciudad los pr\u00f3ximos cuatro a\u00f1os. Izquierda Unida Los Verdes Convocatoria por Andaluc\u00eda es una fuerza pol\u00edtica radicalmente distinta al resto. Quienes formamos parte\u2026","rel":"","context":"Entrada similar","block_context":{"text":"Entrada similar","link":""},"img":{"alt_text":"","src":"","width":0,"height":0},"classes":[]},{"id":411,"url":"https:\/\/iumotril.org\/sitio\/municipales-2015\/programa-abierto-municipales-2015\/","url_meta":{"origin":542,"position":1},"title":"Propuestas para cambiar Motril","author":"Izquierda Unida Motril","date":"27 enero, 2015","format":false,"excerpt":"ES TIEMPO DE IZQUIERDA, ES TIEMPO DE MOTRIL El d\u00eda 24 de Mayo la ciudadan\u00eda tendremos la oportunidad de ejercer el derecho a elegir a quienes nos representaran a la hora de gobernar Motril los pr\u00f3ximos cuatro a\u00f1os. Nuestras propuestas,\u00a0elaboradas con la amplia participaci\u00f3n de todos los sectores de la\u2026","rel":"","context":"Entrada similar","block_context":{"text":"Entrada similar","link":""},"img":{"alt_text":"Es tiempo de izquierda","src":"https:\/\/i0.wp.com\/iumotril.org\/sitio\/wp-content\/uploads\/2015\/05\/Siluetas_con_Lema-300x119.jpg?resize=350%2C200","width":350,"height":200},"classes":[]},{"id":9113,"url":"https:\/\/iumotril.org\/sitio\/candidatas-para-la-gente\/","url_meta":{"origin":542,"position":2},"title":"Candidatas para la gente","author":"Izquierda Unida Motril","date":"29 abril, 2023","format":false,"excerpt":"La\u00a0 candidatura de IU-Verdes Equo est\u00e1 integrada por hombres y mujeres j\u00f3venes en la mayor\u00eda de sus puestos, profesionales, estudiantes, empleados p\u00fablicos, trabajadoras de la ense\u00f1anza y trabajadores de empresas privadas de distintos sectores de actividad, conocedoras\u00a0 de los problemas y necesidades de sus barrios y de la ciudad, que\u2026","rel":"","context":"Entrada similar","block_context":{"text":"Entrada similar","link":""},"img":{"alt_text":"","src":"https:\/\/i0.wp.com\/iumotril.org\/sitio\/wp-content\/uploads\/2023\/04\/78fd7dd3-c177-4ae2-98dd-e4ef957b3d86.jpg?resize=350%2C200&ssl=1","width":350,"height":200,"srcset":"https:\/\/i0.wp.com\/iumotril.org\/sitio\/wp-content\/uploads\/2023\/04\/78fd7dd3-c177-4ae2-98dd-e4ef957b3d86.jpg?resize=350%2C200&ssl=1 1x, https:\/\/i0.wp.com\/iumotril.org\/sitio\/wp-content\/uploads\/2023\/04\/78fd7dd3-c177-4ae2-98dd-e4ef957b3d86.jpg?resize=525%2C300&ssl=1 1.5x, https:\/\/i0.wp.com\/iumotril.org\/sitio\/wp-content\/uploads\/2023\/04\/78fd7dd3-c177-4ae2-98dd-e4ef957b3d86.jpg?resize=700%2C400&ssl=1 2x"},"classes":[]},{"id":4955,"url":"https:\/\/iumotril.org\/sitio\/la-ciudad-que-quieres\/","url_meta":{"origin":542,"position":3},"title":"La ciudad que quieres","author":"Izquierda Unida Motril","date":"11 mayo, 2019","format":false,"excerpt":"Los cinco ejes en que se distribuyen las propuestas del programa de gobierno de IU-Equo sintetizan un pensamiento de izquierdas y progresista: Empleo y derechos sociales; Ciudad habitable y sostenible; Servicios p\u00fablicos municipales; Democracia real y participativa y el eje transversal de la Igualdad, que recorre todas las propuestas. Es\u2026","rel":"","context":"Entrada similar","block_context":{"text":"Entrada similar","link":""},"img":{"alt_text":"","src":"https:\/\/i0.wp.com\/iumotril.org\/sitio\/wp-content\/uploads\/2019\/05\/IU-EQUO-%E2%80%93-Di%CC%81ptico-Pliego-A42-1024x726.jpg?resize=350%2C200","width":350,"height":200,"srcset":"https:\/\/i0.wp.com\/iumotril.org\/sitio\/wp-content\/uploads\/2019\/05\/IU-EQUO-%E2%80%93-Di%CC%81ptico-Pliego-A42-1024x726.jpg?resize=350%2C200 1x, https:\/\/i0.wp.com\/iumotril.org\/sitio\/wp-content\/uploads\/2019\/05\/IU-EQUO-%E2%80%93-Di%CC%81ptico-Pliego-A42-1024x726.jpg?resize=525%2C300 1.5x"},"classes":[]},{"id":537,"url":"https:\/\/iumotril.org\/sitio\/participa\/","url_meta":{"origin":542,"position":4},"title":"Participa","author":"Izquierda Unida Motril","date":"21 abril, 2015","format":false,"excerpt":"A ti que vives de tus manos. A ti, que trabajas en precario en una vida precaria. A ti, trabajador\/a, que no trabajas porque no te dejan. A ti, mujer, que das a los dem\u00e1s mucho tiempo de tu vida y recibes la parte m\u00e1s peque\u00f1a de los bienes de\u2026","rel":"","context":"Entrada similar","block_context":{"text":"Entrada similar","link":""},"img":{"alt_text":"Siluetas_con_Lema","src":"https:\/\/i0.wp.com\/iumotril.org\/sitio\/wp-content\/uploads\/2015\/05\/Siluetas_con_Lema-300x119.jpg?resize=350%2C200","width":350,"height":200},"classes":[]},{"id":10612,"url":"https:\/\/iumotril.org\/sitio\/donaciones-iu\/","url_meta":{"origin":542,"position":5},"title":"DONACIONES IU","author":"Izquierda Unida Motril","date":"14 mayo, 2025","format":false,"excerpt":"Para poder desarrollar nuestra actividad resulta indispensable contar con un respaldo econ\u00f3mico que, dentro del compromiso con el ahorro y la austeridad que tenemos en Izquierda Unida, nos permita organizar iniciativas y eventos en nuestro municipio, entre otras, actividades de debate, formativas y de divulgaci\u00f3n de temas de actualidad o\u2026","rel":"","context":"Entrada similar","block_context":{"text":"Entrada similar","link":""},"img":{"alt_text":"","src":"https:\/\/i0.wp.com\/iumotril.org\/sitio\/wp-content\/uploads\/2025\/05\/DonacionesIU.png?resize=350%2C200&ssl=1","width":350,"height":200,"srcset":"https:\/\/i0.wp.com\/iumotril.org\/sitio\/wp-content\/uploads\/2025\/05\/DonacionesIU.png?resize=350%2C200&ssl=1 1x, https:\/\/i0.wp.com\/iumotril.org\/sitio\/wp-content\/uploads\/2025\/05\/DonacionesIU.png?resize=525%2C300&ssl=1 1.5x, https:\/\/i0.wp.com\/iumotril.org\/sitio\/wp-content\/uploads\/2025\/05\/DonacionesIU.png?resize=700%2C400&ssl=1 2x, https:\/\/i0.wp.com\/iumotril.org\/sitio\/wp-content\/uploads\/2025\/05\/DonacionesIU.png?resize=1050%2C600&ssl=1 3x"},"classes":[]}],"jetpack_likes_enabled":true,"_links":{"self":[{"href":"https:\/\/iumotril.org\/sitio\/wp-json\/wp\/v2\/pages\/542","targetHints":{"allow":["GET"]}}],"collection":[{"href":"https:\/\/iumotril.org\/sitio\/wp-json\/wp\/v2\/pages"}],"about":[{"href":"https:\/\/iumotril.org\/sitio\/wp-json\/wp\/v2\/types\/page"}],"author":[{"embeddable":true,"href":"https:\/\/iumotril.org\/sitio\/wp-json\/wp\/v2\/users\/1"}],"replies":[{"embeddable":true,"href":"https:\/\/iumotril.org\/sitio\/wp-json\/wp\/v2\/comments?post=542"}],"version-history":[{"count":17,"href":"https:\/\/iumotril.org\/sitio\/wp-json\/wp\/v2\/pages\/542\/revisions"}],"predecessor-version":[{"id":647,"href":"https:\/\/iumotril.org\/sitio\/wp-json\/wp\/v2\/pages\/542\/revisions\/647"}],"up":[{"embeddable":true,"href":"https:\/\/iumotril.org\/sitio\/wp-json\/wp\/v2\/pages\/533"}],"wp:attachment":[{"href":"https:\/\/iumotril.org\/sitio\/wp-json\/wp\/v2\/media?parent=542"}],"curies":[{"name":"wp","href":"https:\/\/api.w.org\/{rel}","templated":true}]}}