{"id":533,"date":"2015-04-21T18:55:27","date_gmt":"2015-04-21T16:55:27","guid":{"rendered":"http:\/\/iumotril.org\/sitio\/?page_id=533"},"modified":"2022-11-10T09:51:28","modified_gmt":"2022-11-10T08:51:28","slug":"municipales-2015","status":"publish","type":"page","link":"https:\/\/iumotril.org\/sitio\/municipales-2015\/","title":{"rendered":"Municipales 2015"},"content":{"rendered":"<p><img loading=\"lazy\" decoding=\"async\" data-attachment-id=\"8532\" data-permalink=\"https:\/\/iumotril.org\/sitio\/municipales-2015\/siluetasconlema\/\" data-orig-file=\"https:\/\/iumotril.org\/sitio\/wp-content\/uploads\/2022\/11\/siluetasconlema.jpg\" data-orig-size=\"358,141\" data-comments-opened=\"1\" data-image-meta=\"{&quot;aperture&quot;:&quot;0&quot;,&quot;credit&quot;:&quot;&quot;,&quot;camera&quot;:&quot;&quot;,&quot;caption&quot;:&quot;&quot;,&quot;created_timestamp&quot;:&quot;0&quot;,&quot;copyright&quot;:&quot;&quot;,&quot;focal_length&quot;:&quot;0&quot;,&quot;iso&quot;:&quot;0&quot;,&quot;shutter_speed&quot;:&quot;0&quot;,&quot;title&quot;:&quot;&quot;,&quot;orientation&quot;:&quot;0&quot;}\" data-image-title=\"siluetasconlema\" data-image-description=\"\" data-image-caption=\"\" data-large-file=\"https:\/\/iumotril.org\/sitio\/wp-content\/uploads\/2022\/11\/siluetasconlema.jpg\" class=\"wp-image-8532  aligncenter\" src=\"https:\/\/iumotril.org\/sitio\/wp-content\/uploads\/2022\/11\/siluetasconlema-300x118.jpg\" alt=\"\" width=\"481\" height=\"189\" srcset=\"https:\/\/iumotril.org\/sitio\/wp-content\/uploads\/2022\/11\/siluetasconlema-300x118.jpg 300w, https:\/\/iumotril.org\/sitio\/wp-content\/uploads\/2022\/11\/siluetasconlema.jpg 358w\" sizes=\"auto, (max-width: 481px) 100vw, 481px\" \/><\/p>\n<p><span style=\"line-height: 1.5;\">El d\u00eda 24 de Mayo la ciudadan\u00eda tendremos la oportunidad de ejercer el derecho a elegir a quienes nos representaran a la hora de gobernar Motril los pr\u00f3ximos cuatro a\u00f1os.<\/span><\/p>\n<p class=\"p1\"><span class=\"s1\">A trav\u00e9s de estas p\u00e1ginas puedes conocer cu\u00e1les son nuestras propuestas de cambio y transformaci\u00f3n para Motril. Nuestras propuestas,\u00a0elaboradas con la amplia participaci\u00f3n de todos los sectores de la sociedad civil motrile\u00f1a, son<b>\u00a0nuestro Compromiso<\/b>.<\/span><\/p>\n<ul>\n<li class=\"p1\"><a href=\"https:\/\/iumotril.org\/sitio\/?page_id=542\">Candidatos<\/a><\/li>\n<li class=\"p1\"><a title=\"Propuestas para cambiar Motril\" href=\"https:\/\/iumotril.org\/sitio\/?page_id=411\">Propuestas para cambiar Motril<\/a><\/li>\n<li class=\"p1\"><a title=\"Materiales de Campa\u00f1a\" href=\"https:\/\/iumotril.org\/sitio\/?page_id=706\">Materiales de campa\u00f1a<\/a><\/li>\n<li class=\"p1\"><a title=\"Agenda de Campa\u00f1a\" href=\"https:\/\/iumotril.org\/sitio\/?page_id=597\">Agenda de Campa\u00f1a<\/a><\/li>\n<li class=\"p1\"><a title=\"Participa\" href=\"https:\/\/iumotril.org\/sitio\/?page_id=537\">Participa<\/a><\/li>\n<\/ul>\n","protected":false},"excerpt":{"rendered":"<p>El d\u00eda 24 de Mayo la ciudadan\u00eda tendremos la oportunidad [&hellip;]<\/p>\n","protected":false},"author":1,"featured_media":0,"parent":0,"menu_order":0,"comment_status":"open","ping_status":"open","template":"","meta":{"cybocfi_hide_featured_image":"","footnotes":""},"class_list":["post-533","page","type-page","status-publish","hentry"],"jetpack_sharing_enabled":true,"jetpack_shortlink":"https:\/\/wp.me\/P4QsU5-8B","jetpack-related-posts":[{"id":411,"url":"https:\/\/iumotril.org\/sitio\/municipales-2015\/programa-abierto-municipales-2015\/","url_meta":{"origin":533,"position":0},"title":"Propuestas para cambiar Motril","author":"Izquierda Unida Motril","date":"27 enero, 2015","format":false,"excerpt":"ES TIEMPO DE IZQUIERDA, ES TIEMPO DE MOTRIL El d\u00eda 24 de Mayo la ciudadan\u00eda tendremos la oportunidad de ejercer el derecho a elegir a quienes nos representaran a la hora de gobernar Motril los pr\u00f3ximos cuatro a\u00f1os. Nuestras propuestas,\u00a0elaboradas con la amplia participaci\u00f3n de todos los sectores de la\u2026","rel":"","context":"Entrada similar","block_context":{"text":"Entrada similar","link":""},"img":{"alt_text":"Es tiempo de izquierda","src":"https:\/\/i0.wp.com\/iumotril.org\/sitio\/wp-content\/uploads\/2015\/05\/Siluetas_con_Lema-300x119.jpg?resize=350%2C200","width":350,"height":200},"classes":[]},{"id":537,"url":"https:\/\/iumotril.org\/sitio\/participa\/","url_meta":{"origin":533,"position":1},"title":"Participa","author":"Izquierda Unida Motril","date":"21 abril, 2015","format":false,"excerpt":"A ti que vives de tus manos. A ti, que trabajas en precario en una vida precaria. A ti, trabajador\/a, que no trabajas porque no te dejan. A ti, mujer, que das a los dem\u00e1s mucho tiempo de tu vida y recibes la parte m\u00e1s peque\u00f1a de los bienes de\u2026","rel":"","context":"Entrada similar","block_context":{"text":"Entrada similar","link":""},"img":{"alt_text":"Siluetas_con_Lema","src":"https:\/\/i0.wp.com\/iumotril.org\/sitio\/wp-content\/uploads\/2015\/05\/Siluetas_con_Lema-300x119.jpg?resize=350%2C200","width":350,"height":200},"classes":[]},{"id":3851,"url":"https:\/\/iumotril.org\/sitio\/borrador-de-programa\/","url_meta":{"origin":533,"position":2},"title":"Programa","author":"Izquierda Unida Motril","date":"18 septiembre, 2018","format":false,"excerpt":"Nuestro programa de gobierno es el resultado del debate de multitud de andaluzas y andaluces que han colaborado, tanto individualmente como en Los Patios de elaboraci\u00f3n colectiva, con sus propuestas e iniciativas. Como resultado de este trabajo han surgido m\u00e1s de mil enmiendas a nuestro borrador inicial, estamos sintetizando estas\u2026","rel":"","context":"Entrada similar","block_context":{"text":"Entrada similar","link":""},"img":{"alt_text":"","src":"https:\/\/i0.wp.com\/iumotril.org\/sitio\/wp-content\/uploads\/2018\/09\/1200px-Adelante_Andaluci%CC%81a_Logo.svg_-300x235.png?resize=350%2C200","width":350,"height":200},"classes":[]},{"id":4955,"url":"https:\/\/iumotril.org\/sitio\/la-ciudad-que-quieres\/","url_meta":{"origin":533,"position":3},"title":"La ciudad que quieres","author":"Izquierda Unida Motril","date":"11 mayo, 2019","format":false,"excerpt":"Los cinco ejes en que se distribuyen las propuestas del programa de gobierno de IU-Equo sintetizan un pensamiento de izquierdas y progresista: Empleo y derechos sociales; Ciudad habitable y sostenible; Servicios p\u00fablicos municipales; Democracia real y participativa y el eje transversal de la Igualdad, que recorre todas las propuestas. Es\u2026","rel":"","context":"Entrada similar","block_context":{"text":"Entrada similar","link":""},"img":{"alt_text":"","src":"https:\/\/i0.wp.com\/iumotril.org\/sitio\/wp-content\/uploads\/2019\/05\/IU-EQUO-%E2%80%93-Di%CC%81ptico-Pliego-A42-1024x726.jpg?resize=350%2C200","width":350,"height":200,"srcset":"https:\/\/i0.wp.com\/iumotril.org\/sitio\/wp-content\/uploads\/2019\/05\/IU-EQUO-%E2%80%93-Di%CC%81ptico-Pliego-A42-1024x726.jpg?resize=350%2C200 1x, https:\/\/i0.wp.com\/iumotril.org\/sitio\/wp-content\/uploads\/2019\/05\/IU-EQUO-%E2%80%93-Di%CC%81ptico-Pliego-A42-1024x726.jpg?resize=525%2C300 1.5x"},"classes":[]},{"id":1194,"url":"https:\/\/iumotril.org\/sitio\/actividad-municipal\/","url_meta":{"origin":533,"position":4},"title":"Actividad Municipal","author":"Izquierda Unida Motril","date":"7 agosto, 2015","format":false,"excerpt":"A trav\u00e9s de esta P\u00e1gina, se puede acceder a la informaci\u00f3n sobre la actividad desarrollada por el Grupo Municipal de Izquierda Unida, entre otra a las Mociones presentadas a en los distintos\u00a0Plenos municipales, as\u00ed como las preguntas sobre diferentes cuestiones se han trasladado al equipo de gobierno, as\u00ed como otras\u2026","rel":"","context":"Entrada similar","block_context":{"text":"Entrada similar","link":""},"img":{"alt_text":"","src":"https:\/\/i0.wp.com\/iumotril.org\/sitio\/wp-content\/uploads\/2023\/05\/lema-alargadorojo-1500x500-1-1024x341.png?resize=350%2C200&ssl=1","width":350,"height":200,"srcset":"https:\/\/i0.wp.com\/iumotril.org\/sitio\/wp-content\/uploads\/2023\/05\/lema-alargadorojo-1500x500-1-1024x341.png?resize=350%2C200&ssl=1 1x, https:\/\/i0.wp.com\/iumotril.org\/sitio\/wp-content\/uploads\/2023\/05\/lema-alargadorojo-1500x500-1-1024x341.png?resize=525%2C300&ssl=1 1.5x"},"classes":[]},{"id":1791,"url":"https:\/\/iumotril.org\/sitio\/proceso-de-unidad-popular\/cuadernos-programaticos-para-la-unidad-popular\/","url_meta":{"origin":533,"position":5},"title":"CUADERNOS PROGRAM\u00c1TICOS PARA LA UNIDAD POPULAR","author":"Izquierda Unida Motril","date":"17 diciembre, 2015","format":false,"excerpt":"CUADERNOS PROGRAM\u00c1TICOS POR LA UNIDAD POPULAR (pdf) \u00a0 - Por un Gobierno del Pueblo - Gobernar obedeciendo - Las personas y el empleo en el centro de la econom\u00eda - Repartir la riqueza - Hacia un nuevo modelo productivo - Otra educaci\u00f3n es posible - Por un sistema sanitario, p\u00fablico,\u2026","rel":"","context":"Entrada similar","block_context":{"text":"Entrada similar","link":""},"img":{"alt_text":"portada programa iu up","src":"https:\/\/i0.wp.com\/iumotril.org\/sitio\/wp-content\/uploads\/2015\/12\/portada-programa-iu-up-212x300.jpg?resize=350%2C200","width":350,"height":200},"classes":[]}],"jetpack_likes_enabled":true,"_links":{"self":[{"href":"https:\/\/iumotril.org\/sitio\/wp-json\/wp\/v2\/pages\/533","targetHints":{"allow":["GET"]}}],"collection":[{"href":"https:\/\/iumotril.org\/sitio\/wp-json\/wp\/v2\/pages"}],"about":[{"href":"https:\/\/iumotril.org\/sitio\/wp-json\/wp\/v2\/types\/page"}],"author":[{"embeddable":true,"href":"https:\/\/iumotril.org\/sitio\/wp-json\/wp\/v2\/users\/1"}],"replies":[{"embeddable":true,"href":"https:\/\/iumotril.org\/sitio\/wp-json\/wp\/v2\/comments?post=533"}],"version-history":[{"count":9,"href":"https:\/\/iumotril.org\/sitio\/wp-json\/wp\/v2\/pages\/533\/revisions"}],"predecessor-version":[{"id":8533,"href":"https:\/\/iumotril.org\/sitio\/wp-json\/wp\/v2\/pages\/533\/revisions\/8533"}],"wp:attachment":[{"href":"https:\/\/iumotril.org\/sitio\/wp-json\/wp\/v2\/media?parent=533"}],"curies":[{"name":"wp","href":"https:\/\/api.w.org\/{rel}","templated":true}]}}