{"id":4957,"date":"2019-05-11T12:04:54","date_gmt":"2019-05-11T10:04:54","guid":{"rendered":"http:\/\/iumotril.org\/sitio\/?page_id=4957"},"modified":"2019-05-14T22:00:15","modified_gmt":"2019-05-14T20:00:15","slug":"una-candidatura-para-la-gente","status":"publish","type":"page","link":"https:\/\/iumotril.org\/sitio\/una-candidatura-para-la-gente\/","title":{"rendered":"Una candidatura para la Gente"},"content":{"rendered":"<p>La candidatura de IU-Equo para la gente est\u00e1 integrada por mujeres y hombres j\u00f3venes. Es representativa de la sociedad motrile\u00f1a: estudiantes, trabajadoras del sector hortofrut\u00edcola, deportistas, empleados p\u00fablicos, aut\u00f3nomos, trabajadores sociales, pensionistas, jubilados. Gente corriente y cercana que vive la realidad de la calles. Gente comprometida con sus vecinas y con sus vecinos.<\/p>\n<p>Un equipo de trabajo solvente, profesional y<strong> preparado para llevar a cabo un programa de gobierno ambicioso de actuaciones para mejorar la vida de la gente<\/strong> y hacer de Motril una ciudad mejor<\/p>\n<p><a href=\"https:\/\/iumotril.org\/sitio\/cartel-definitivo-de-verdad\/\"><img loading=\"lazy\" decoding=\"async\" data-attachment-id=\"4943\" data-permalink=\"https:\/\/iumotril.org\/sitio\/una-candidatura-para-la-gente\/cartel-definitivo-de-verdad\/\" data-orig-file=\"https:\/\/iumotril.org\/sitio\/wp-content\/uploads\/2019\/05\/cartel-definitivo-de-verdad.jpg\" data-orig-size=\"3384,4724\" data-comments-opened=\"1\" data-image-meta=\"{&quot;aperture&quot;:&quot;0&quot;,&quot;credit&quot;:&quot;&quot;,&quot;camera&quot;:&quot;&quot;,&quot;caption&quot;:&quot;&quot;,&quot;created_timestamp&quot;:&quot;0&quot;,&quot;copyright&quot;:&quot;&quot;,&quot;focal_length&quot;:&quot;0&quot;,&quot;iso&quot;:&quot;0&quot;,&quot;shutter_speed&quot;:&quot;0&quot;,&quot;title&quot;:&quot;&quot;,&quot;orientation&quot;:&quot;1&quot;}\" data-image-title=\"cartel definitivo de verdad\" data-image-description=\"\" data-image-caption=\"\" data-large-file=\"https:\/\/iumotril.org\/sitio\/wp-content\/uploads\/2019\/05\/cartel-definitivo-de-verdad-734x1024.jpg\" class=\"aligncenter wp-image-4943\" src=\"https:\/\/iumotril.org\/sitio\/wp-content\/uploads\/2019\/05\/cartel-definitivo-de-verdad-215x300.jpg\" alt=\"\" width=\"354\" height=\"494\" srcset=\"https:\/\/iumotril.org\/sitio\/wp-content\/uploads\/2019\/05\/cartel-definitivo-de-verdad-215x300.jpg 215w, https:\/\/iumotril.org\/sitio\/wp-content\/uploads\/2019\/05\/cartel-definitivo-de-verdad-768x1072.jpg 768w, https:\/\/iumotril.org\/sitio\/wp-content\/uploads\/2019\/05\/cartel-definitivo-de-verdad-734x1024.jpg 734w\" sizes=\"auto, (max-width: 354px) 100vw, 354px\" \/><\/a><\/p>\n<table style=\"width: 674px;\">\n<tbody>\n<tr>\n<td style=\"width: 198px;\"><span style=\"font-weight: 400;\">Inmaculada Omiste Fern\u00e1ndez \u00a0<\/span><\/td>\n<td style=\"width: 443px; text-align: justify;\"><span style=\"font-weight: 400;\">Licenciada en Ciencias Pol\u00edticas y de la Administraci\u00f3n, Concejala IU, Vocal MMCT, miembro de ARMH 14 de abril, feminista.<\/span><\/td>\n<\/tr>\n<tr>\n<td style=\"width: 198px;\"><span style=\"font-weight: 400;\">Jose Garc\u00eda Llorente \u00a0<\/span><\/td>\n<td style=\"width: 443px; text-align: justify;\"><span style=\"font-weight: 400;\">Periodista, Profesor Universitario, comprometido con la Recuperaci\u00f3n de la Memoria Hist\u00f3rica de la Costa de Granada y con la libertad del Pueblo Saharaui.<\/span><\/td>\n<\/tr>\n<tr>\n<td style=\"width: 198px;\"><span style=\"font-weight: 400;\">Daniela Paqu\u00e9 Pe\u00f1a \u00a0<\/span><\/td>\n<td style=\"width: 443px; text-align: justify;\"><span style=\"font-weight: 400;\">Maestra, Concejala y Portavoz del Grupo municipal de IU, Feminista, Animalista comprometida con la defensa de los Derechos Humanos.<\/span><\/td>\n<\/tr>\n<tr>\n<td style=\"width: 198px;\"><span style=\"font-weight: 400;\">Juan Luis Valdivieso Amate \u00a0<\/span><\/td>\n<td style=\"width: 443px; text-align: justify;\"><span style=\"font-weight: 400;\">Empleado p\u00fablico de la Agencia Estatal de Administraci\u00f3n Tributaria, Afiliado a EQUO, Eco-feminista convencido y luchador activo contra el cambio clim\u00e1tico.<\/span><\/td>\n<\/tr>\n<tr>\n<td style=\"width: 198px;\"><span style=\"font-weight: 400;\">Jessica Garc\u00eda Correa \u00a0\u00a0<\/span><\/td>\n<td style=\"width: 443px; text-align: justify;\"><span style=\"font-weight: 400;\">Aut\u00f3noma, miembro de EQUO y comprometida con el medio ambiente.<\/span><\/td>\n<\/tr>\n<tr>\n<td style=\"width: 198px;\"><span style=\"font-weight: 400;\">Christian Linares Mingorance \u00a0<\/span><\/td>\n<td style=\"width: 443px; text-align: justify;\"><span style=\"font-weight: 400;\">Trabajador Social y Monitor de Ocio y Tiempo Libre, Concejal de IU, activista LGTBI, <\/span><span style=\"font-weight: 400;\">Miembro fundador y socio de la Asociaci\u00f3n Juvenil Altair y de la Asociaci\u00f3n Cultural Th\u00e9\u00e2tre des Vampires.<\/span><\/td>\n<\/tr>\n<tr>\n<td style=\"width: 198px;\"><span style=\"font-weight: 400;\">Irene Ocete Segura \u00a0\u00a0<\/span><\/td>\n<td style=\"width: 443px; text-align: justify;\"><span style=\"font-weight: 400;\">M\u00e9dica, trabaja en el hospital de Motril, Deportista de alto rendimiento.<\/span><\/td>\n<\/tr>\n<tr>\n<td style=\"width: 198px;\"><span style=\"font-weight: 400;\">Daniel Villa Fuentes \u00a0<\/span><\/td>\n<td style=\"width: 443px; text-align: justify;\"><span style=\"font-weight: 400;\">Estudiante de Ciencias de la Actividad F\u00edsica y del Deporte, Atleta del Club de Atletismo Ciudad de Motril.<\/span><\/td>\n<\/tr>\n<tr>\n<td style=\"width: 198px;\"><span style=\"font-weight: 400;\">Pilar Hidalgo Ferres \u00a0\u00a0<\/span><\/td>\n<td style=\"width: 443px; text-align: justify;\"><span style=\"font-weight: 400;\">T\u00e9cnico superior de laboratorio, actualmente Mozo de almac\u00e9n en Miguel Garc\u00eda, miembro de la direcci\u00f3n de CCOO de Granada.<\/span><\/td>\n<\/tr>\n<tr>\n<td style=\"width: 198px;\"><span style=\"font-weight: 400;\">Alberto Moya Hidalgo \u00a0<\/span><\/td>\n<td style=\"width: 443px; text-align: justify;\"><span style=\"font-weight: 400;\">Licenciado en Historia, m\u00e1ster especializado en el Mundo Contempor\u00e1neo, simpatizante de Izquierda Unida.<\/span><\/td>\n<\/tr>\n<tr>\n<td style=\"width: 198px;\"><span style=\"font-weight: 400;\">Rosario Moreno B\u00e9jar \u00a0\u00a0<\/span><\/td>\n<td style=\"width: 443px; text-align: justify;\"><span style=\"font-weight: 400;\">Auxiliar de enfermer\u00eda,trabaja como auxiliar de ayuda a Domicilio. <\/span><\/td>\n<\/tr>\n<\/tbody>\n<\/table>\n<p><a href=\"https:\/\/iumotril.org\/sitio\/campan%cc%83a-5\/\"><img loading=\"lazy\" decoding=\"async\" data-attachment-id=\"5052\" data-permalink=\"https:\/\/iumotril.org\/sitio\/una-candidatura-para-la-gente\/campan%cc%83a-5\/\" data-orig-file=\"https:\/\/iumotril.org\/sitio\/wp-content\/uploads\/2019\/05\/campan\u0303a-5.jpg\" data-orig-size=\"5359,3573\" data-comments-opened=\"1\" data-image-meta=\"{&quot;aperture&quot;:&quot;2.2&quot;,&quot;credit&quot;:&quot;&quot;,&quot;camera&quot;:&quot;Canon EOS 6D&quot;,&quot;caption&quot;:&quot;&quot;,&quot;created_timestamp&quot;:&quot;1553938924&quot;,&quot;copyright&quot;:&quot;&quot;,&quot;focal_length&quot;:&quot;50&quot;,&quot;iso&quot;:&quot;125&quot;,&quot;shutter_speed&quot;:&quot;0.0005&quot;,&quot;title&quot;:&quot;&quot;,&quot;orientation&quot;:&quot;1&quot;}\" data-image-title=\"campan\u0303a 5\" data-image-description=\"\" data-image-caption=\"\" data-large-file=\"https:\/\/iumotril.org\/sitio\/wp-content\/uploads\/2019\/05\/campan\u0303a-5-1024x683.jpg\" class=\"aligncenter wp-image-5052 size-large\" src=\"https:\/\/iumotril.org\/sitio\/wp-content\/uploads\/2019\/05\/campan\u0303a-5-1024x683.jpg\" alt=\"\" width=\"640\" height=\"427\" srcset=\"https:\/\/iumotril.org\/sitio\/wp-content\/uploads\/2019\/05\/campan\u0303a-5-1024x683.jpg 1024w, https:\/\/iumotril.org\/sitio\/wp-content\/uploads\/2019\/05\/campan\u0303a-5-300x200.jpg 300w, https:\/\/iumotril.org\/sitio\/wp-content\/uploads\/2019\/05\/campan\u0303a-5-768x512.jpg 768w\" sizes=\"auto, (max-width: 640px) 100vw, 640px\" \/><\/a><\/p>\n<p>&nbsp;<\/p>\n<table style=\"width: 675px;\">\n<tbody>\n<tr>\n<td style=\"width: 200px;\"><span style=\"font-weight: 400;\">Rodrigo Bustos Alonso \u00a0\u00a0<\/span><\/td>\n<td style=\"width: 441px; text-align: justify;\"><span style=\"font-weight: 400;\">T\u00e9cnico de actividades deportivas, comprometido con SOS Aldeas Infantiles, Unicef y Plataforma solidaridad de apoyo al Pueblo Cubano.<\/span><\/td>\n<\/tr>\n<tr>\n<td style=\"width: 200px;\"><span style=\"font-weight: 400;\">Amelia Mu\u00f1oz Lorenzo \u00a0<\/span><\/td>\n<td style=\"width: 441px; text-align: justify;\"><span style=\"font-weight: 400;\">Costurera, Auxiliar de Cl\u00ednica los \u00faltimos 18 a\u00f1os, es delegada sindical de riesgos laborales. Actualmente Jubilada<\/span><\/td>\n<\/tr>\n<tr>\n<td style=\"width: 200px;\"><span style=\"font-weight: 400;\">Javier Mart\u00edn Est\u00e9vez \u00a0<\/span><\/td>\n<td style=\"width: 441px; text-align: justify;\"><span style=\"font-weight: 400;\">Atleta de alto rendimiento, perteneciente a la selecci\u00f3n espa\u00f1ola absoluta de atletismo.<\/span><\/td>\n<\/tr>\n<tr>\n<td style=\"width: 200px;\"><span style=\"font-weight: 400;\">Ana Beatriz Acosta Fern\u00e1ndez <\/span><\/td>\n<td style=\"width: 441px; text-align: justify;\"><span style=\"font-weight: 400;\">Fot\u00f3grafa, Estudiante de Comunicaci\u00f3n y audiovisual<\/span><\/td>\n<\/tr>\n<tr>\n<td style=\"width: 200px;\"><span style=\"font-weight: 400;\">Rafael Ruiz Utrilla \u00a0\u00a0<\/span><\/td>\n<td style=\"width: 441px; text-align: justify;\"><span style=\"font-weight: 400;\">Pensionista, vive en Calahonda , simpatizante de IU y con la ilusi\u00f3n de ver c\u00f3mo mejora Motril.<\/span><\/td>\n<\/tr>\n<tr>\n<td style=\"width: 200px;\"><span style=\"font-weight: 400;\">Ana Olea L\u00f3pez \u00a0\u00a0<\/span><\/td>\n<td style=\"width: 441px; text-align: justify;\"><span style=\"font-weight: 400;\">Auxiliar de enfermer\u00eda, monitora sociocultural,<\/span><\/td>\n<\/tr>\n<tr>\n<td style=\"width: 200px;\"><span style=\"font-weight: 400;\">Antonio Manuel Mart\u00edn Garc\u00eda \u00a0<\/span><\/td>\n<td style=\"width: 441px; text-align: justify;\"><span style=\"font-weight: 400;\">Militante de IU, sindicalista, ecologista y activista, comprometido con los movimientos sociales.<\/span><\/td>\n<\/tr>\n<tr>\n<td style=\"width: 200px;\"><span style=\"font-weight: 400;\">Palmira Guerrero Rom\u00e1n \u00a0<\/span><\/td>\n<td style=\"width: 441px; text-align: justify;\">Trabajadora Hospital de Motril<\/td>\n<\/tr>\n<tr>\n<td style=\"width: 200px;\"><span style=\"font-weight: 400;\">Perseverando Rodr\u00edguez Alcalde \u00a0<\/span><\/td>\n<td style=\"width: 441px; text-align: justify;\"><span style=\"font-weight: 400;\">Empleado p\u00fablico, representante sindical<\/span><\/td>\n<\/tr>\n<tr>\n<td style=\"width: 200px;\"><span style=\"font-weight: 400;\">Gertrudis Calvo Gonz\u00e1lez \u00a0\u00a0<\/span><\/td>\n<td style=\"width: 441px; text-align: justify;\"><span style=\"font-weight: 400;\">Empleada municipal del servicio de limpieza, miembro de CGT.<\/span><\/td>\n<\/tr>\n<tr>\n<td style=\"width: 200px;\"><span style=\"font-weight: 400;\">Daniel S\u00e1nchez V\u00e1zquez \u00a0\u00a0<\/span><\/td>\n<td style=\"width: 441px; text-align: justify;\"><span style=\"font-weight: 400;\">Maestro jubilado, aficionado a la lectura y la tecnolog\u00eda, afiliado a CGT. Colabora con distintas personas y organizaciones para intentar mejorar la educaci\u00f3n y la sociedad.<\/span><\/td>\n<\/tr>\n<tr>\n<td style=\"width: 200px;\"><span style=\"font-weight: 400;\">Carmen Dom\u00ednguez Rodr\u00edguez \u00a0\u00a0<\/span><\/td>\n<td style=\"width: 441px; text-align: justify;\"><span style=\"font-weight: 400;\">Auxiliar de cl\u00ednica, representante sindical.<\/span><\/td>\n<\/tr>\n<tr>\n<td style=\"width: 200px;\"><span style=\"font-weight: 400;\">Federico Goyarts Lam \u00a0<\/span><\/td>\n<td style=\"width: 441px; text-align: justify;\"><span style=\"font-weight: 400;\">Jubilado.<\/span><\/td>\n<\/tr>\n<tr>\n<td style=\"width: 200px;\"><span style=\"font-weight: 400;\">Jacqueline L\u00f3pez Ligero \u00a0<\/span><\/td>\n<td style=\"width: 441px; text-align: justify;\"><span style=\"font-weight: 400;\">T\u00e9cnica especialista en Administraci\u00f3n, T\u00e9cnica superior en Inform\u00e1tica, miembro de ARMH 14 de abril, Feminista, comprometida con la defensa de Derechos Humanos.<\/span><\/td>\n<\/tr>\n<tr>\n<td style=\"width: 200px;\"><span style=\"font-weight: 400;\">Jes\u00fas Chinchilla Garc\u00eda<\/span><\/td>\n<td style=\"width: 441px; text-align: justify;\"><span style=\"font-weight: 400;\">Diplomado en Educaci\u00f3n F\u00edsica, Entrenador \u00a0Nacional RFEA y Alto Rendimiento CSD, formaci\u00f3n y experiencia en Gesti\u00f3n Deportiva.<\/span><\/td>\n<\/tr>\n<\/tbody>\n<\/table>\n<p><a href=\"https:\/\/iumotril.org\/sitio\/una-candidatura-para-la-gente\/candidatura-2\/\" rel=\"attachment wp-att-4973\"><img loading=\"lazy\" decoding=\"async\" data-attachment-id=\"4973\" data-permalink=\"https:\/\/iumotril.org\/sitio\/una-candidatura-para-la-gente\/candidatura-2\/\" data-orig-file=\"https:\/\/iumotril.org\/sitio\/wp-content\/uploads\/2019\/05\/candidatura.jpg\" data-orig-size=\"1600,1066\" data-comments-opened=\"1\" data-image-meta=\"{&quot;aperture&quot;:&quot;0&quot;,&quot;credit&quot;:&quot;&quot;,&quot;camera&quot;:&quot;&quot;,&quot;caption&quot;:&quot;&quot;,&quot;created_timestamp&quot;:&quot;0&quot;,&quot;copyright&quot;:&quot;&quot;,&quot;focal_length&quot;:&quot;0&quot;,&quot;iso&quot;:&quot;0&quot;,&quot;shutter_speed&quot;:&quot;0&quot;,&quot;title&quot;:&quot;&quot;,&quot;orientation&quot;:&quot;0&quot;}\" data-image-title=\"candidatura\" data-image-description=\"\" data-image-caption=\"\" data-large-file=\"https:\/\/iumotril.org\/sitio\/wp-content\/uploads\/2019\/05\/candidatura-1024x682.jpg\" class=\"aligncenter wp-image-4973 size-large\" src=\"https:\/\/iumotril.org\/sitio\/wp-content\/uploads\/2019\/05\/candidatura-1024x682.jpg\" alt=\"\" width=\"640\" height=\"426\" srcset=\"https:\/\/iumotril.org\/sitio\/wp-content\/uploads\/2019\/05\/candidatura-1024x682.jpg 1024w, https:\/\/iumotril.org\/sitio\/wp-content\/uploads\/2019\/05\/candidatura-300x200.jpg 300w, https:\/\/iumotril.org\/sitio\/wp-content\/uploads\/2019\/05\/candidatura-768x512.jpg 768w, https:\/\/iumotril.org\/sitio\/wp-content\/uploads\/2019\/05\/candidatura.jpg 1600w\" sizes=\"auto, (max-width: 640px) 100vw, 640px\" \/><\/a><\/p>\n","protected":false},"excerpt":{"rendered":"<p>La candidatura de IU-Equo para la gente est\u00e1 integrada por [&hellip;]<\/p>\n","protected":false},"author":1,"featured_media":0,"parent":0,"menu_order":0,"comment_status":"open","ping_status":"open","template":"","meta":{"cybocfi_hide_featured_image":"","footnotes":""},"class_list":["post-4957","page","type-page","status-publish","hentry"],"jetpack_sharing_enabled":true,"jetpack_shortlink":"https:\/\/wp.me\/P4QsU5-1hX","jetpack-related-posts":[{"id":9113,"url":"https:\/\/iumotril.org\/sitio\/candidatas-para-la-gente\/","url_meta":{"origin":4957,"position":0},"title":"Candidatas para la gente","author":"Izquierda Unida Motril","date":"29 abril, 2023","format":false,"excerpt":"La\u00a0 candidatura de IU-Verdes Equo est\u00e1 integrada por hombres y mujeres j\u00f3venes en la mayor\u00eda de sus puestos, profesionales, estudiantes, empleados p\u00fablicos, trabajadoras de la ense\u00f1anza y trabajadores de empresas privadas de distintos sectores de actividad, conocedoras\u00a0 de los problemas y necesidades de sus barrios y de la ciudad, que\u2026","rel":"","context":"Entrada similar","block_context":{"text":"Entrada similar","link":""},"img":{"alt_text":"","src":"https:\/\/i0.wp.com\/iumotril.org\/sitio\/wp-content\/uploads\/2023\/04\/78fd7dd3-c177-4ae2-98dd-e4ef957b3d86.jpg?resize=350%2C200&ssl=1","width":350,"height":200,"srcset":"https:\/\/i0.wp.com\/iumotril.org\/sitio\/wp-content\/uploads\/2023\/04\/78fd7dd3-c177-4ae2-98dd-e4ef957b3d86.jpg?resize=350%2C200&ssl=1 1x, https:\/\/i0.wp.com\/iumotril.org\/sitio\/wp-content\/uploads\/2023\/04\/78fd7dd3-c177-4ae2-98dd-e4ef957b3d86.jpg?resize=525%2C300&ssl=1 1.5x, https:\/\/i0.wp.com\/iumotril.org\/sitio\/wp-content\/uploads\/2023\/04\/78fd7dd3-c177-4ae2-98dd-e4ef957b3d86.jpg?resize=700%2C400&ssl=1 2x"},"classes":[]},{"id":542,"url":"https:\/\/iumotril.org\/sitio\/municipales-2015\/candidatos\/","url_meta":{"origin":4957,"position":1},"title":"Candidatos","author":"Izquierda Unida Motril","date":"21 abril, 2015","format":false,"excerpt":"Izquierda Unida Los Verdes Convocatoria por Andaluc\u00eda es una fuerza pol\u00edtica radicalmente distinta al resto. Quienes formamos parte de ella no somos pol\u00edticos profesionales ni tenemos ambiciones personales de poder. Somos gente corriente, cercana y comprometida con equilibrar una sociedad cada vez m\u00e1s desigual, con corregir la actuaci\u00f3n de un\u2026","rel":"","context":"Entrada similar","block_context":{"text":"Entrada similar","link":""},"img":{"alt_text":"daniela","src":"https:\/\/i0.wp.com\/iumotril.org\/sitio\/wp-content\/uploads\/2015\/04\/daniela-150x150.jpg?resize=350%2C200","width":350,"height":200},"classes":[]},{"id":4166,"url":"https:\/\/iumotril.org\/sitio\/candidatura-granada\/","url_meta":{"origin":4957,"position":2},"title":"Candidatura Granada","author":"Izquierda Unida Motril","date":"7 noviembre, 2018","format":false,"excerpt":"01 Maria del Carmen Liz\u00e1rraga Mollinedo 02 Jes\u00fas \u201cChus\u201d Fern\u00e1ndez Mart\u00edn 03 Ana Villaverde Valenciano 04 \u00c1ngel de la Cruz Campos 05 Rosario \u00c1vila Romera 06 Manuel D\u00edaz Maldonado 07 Mar\u00eda Piedad Castillo Mart\u00ednez 08 Mario Ortega Rodr\u00edguez 09 Mari Carmen Cantero Gonz\u00e1lez 10 Alejandro Villanueva Serrano 11 M\u00aa Carmen\u2026","rel":"","context":"Entrada similar","block_context":{"text":"Entrada similar","link":""},"img":{"alt_text":"","src":"","width":0,"height":0},"classes":[]},{"id":413,"url":"https:\/\/iumotril.org\/sitio\/borrador-programa-marco\/","url_meta":{"origin":4957,"position":3},"title":"Borrador Programa Marco","author":"Izquierda Unida Motril","date":"27 enero, 2015","format":false,"excerpt":"En poco tiempo los ciudadanos y ciudadanas de Motril tendr\u00e9is la oportunidad de ejercer el derecho a elegir a quienes en vuestro nombre vamos a gobernar nuestra ciudad los pr\u00f3ximos cuatro a\u00f1os. Izquierda Unida Los Verdes Convocatoria por Andaluc\u00eda es una fuerza pol\u00edtica radicalmente distinta al resto. Quienes formamos parte\u2026","rel":"","context":"Entrada similar","block_context":{"text":"Entrada similar","link":""},"img":{"alt_text":"","src":"","width":0,"height":0},"classes":[]},{"id":706,"url":"https:\/\/iumotril.org\/sitio\/municipales-2015\/materiales-de-campana\/","url_meta":{"origin":4957,"position":4},"title":"Materiales de Campa\u00f1a","author":"Izquierda Unida Motril","date":"12 mayo, 2015","format":false,"excerpt":"Daniel Candidata a la Alcald\u00eda \u00a0 \u00a0Candidatos \u00a0 \u00a0Candidatura. Grupo \u00a0 V\u00eddeo 1: Becas de Empleo y Bolsas de Trabajo https:\/\/youtu.be\/Cj_ifBZlDbY V\u00eddeo 2: Tecnolog\u00eda al Servicio del Medio Ambiente https:\/\/youtu.be\/dZZ7bXBJOfM \u00a0V\u00eddeo 3. Barrios y Ciudad https:\/\/www.youtube.com\/watch?v=Ex9YVr8l35k V\u00eddeo 4. Agricultura https:\/\/www.youtube.com\/watch?v=qPi5wuYu6nI V\u00eddeo 5. Gesti\u00f3n Municipal https:\/\/www.youtube.com\/watch?v=jqif5sAulmE V\u00eddeo 6. Cultura https:\/\/www.youtube.com\/watch?v=fkg5C-ovRwo V\u00eddeo\u2026","rel":"","context":"Entrada similar","block_context":{"text":"Entrada similar","link":""},"img":{"alt_text":"Daniela Paqu\u00e9 candidata a la Alcald\u00eda de Motril","src":"https:\/\/i0.wp.com\/iumotril.org\/sitio\/wp-content\/uploads\/2015\/05\/Paginas-100xCien-.001-150x150.jpg?resize=350%2C200","width":350,"height":200},"classes":[]},{"id":411,"url":"https:\/\/iumotril.org\/sitio\/municipales-2015\/programa-abierto-municipales-2015\/","url_meta":{"origin":4957,"position":5},"title":"Propuestas para cambiar Motril","author":"Izquierda Unida Motril","date":"27 enero, 2015","format":false,"excerpt":"ES TIEMPO DE IZQUIERDA, ES TIEMPO DE MOTRIL El d\u00eda 24 de Mayo la ciudadan\u00eda tendremos la oportunidad de ejercer el derecho a elegir a quienes nos representaran a la hora de gobernar Motril los pr\u00f3ximos cuatro a\u00f1os. Nuestras propuestas,\u00a0elaboradas con la amplia participaci\u00f3n de todos los sectores de la\u2026","rel":"","context":"Entrada similar","block_context":{"text":"Entrada similar","link":""},"img":{"alt_text":"Es tiempo de izquierda","src":"https:\/\/i0.wp.com\/iumotril.org\/sitio\/wp-content\/uploads\/2015\/05\/Siluetas_con_Lema-300x119.jpg?resize=350%2C200","width":350,"height":200},"classes":[]}],"jetpack_likes_enabled":true,"_links":{"self":[{"href":"https:\/\/iumotril.org\/sitio\/wp-json\/wp\/v2\/pages\/4957","targetHints":{"allow":["GET"]}}],"collection":[{"href":"https:\/\/iumotril.org\/sitio\/wp-json\/wp\/v2\/pages"}],"about":[{"href":"https:\/\/iumotril.org\/sitio\/wp-json\/wp\/v2\/types\/page"}],"author":[{"embeddable":true,"href":"https:\/\/iumotril.org\/sitio\/wp-json\/wp\/v2\/users\/1"}],"replies":[{"embeddable":true,"href":"https:\/\/iumotril.org\/sitio\/wp-json\/wp\/v2\/comments?post=4957"}],"version-history":[{"count":8,"href":"https:\/\/iumotril.org\/sitio\/wp-json\/wp\/v2\/pages\/4957\/revisions"}],"predecessor-version":[{"id":5053,"href":"https:\/\/iumotril.org\/sitio\/wp-json\/wp\/v2\/pages\/4957\/revisions\/5053"}],"wp:attachment":[{"href":"https:\/\/iumotril.org\/sitio\/wp-json\/wp\/v2\/media?parent=4957"}],"curies":[{"name":"wp","href":"https:\/\/api.w.org\/{rel}","templated":true}]}}